{"id":8790,"date":"2024-10-04T20:47:05","date_gmt":"2024-10-04T18:47:05","guid":{"rendered":"https:\/\/sp3.mikolow.eu\/?page_id=8790"},"modified":"2025-09-09T16:02:22","modified_gmt":"2025-09-09T15:02:22","slug":"religia","status":"publish","type":"page","link":"https:\/\/sp3.mikolow.eu\/index.php\/religia\/","title":{"rendered":"Religia"},"content":{"rendered":"\t\t<div data-elementor-type=\"wp-page\" data-elementor-id=\"8790\" class=\"elementor elementor-8790\" data-elementor-settings=\"[]\">\n\t\t\t\t\t\t\t<div class=\"elementor-section-wrap\">\n\t\t\t\t\t\t\t<section class=\"elementor-section elementor-top-section elementor-element elementor-element-8c7fcdf elementor-section-boxed elementor-section-height-default elementor-section-height-default\" data-id=\"8c7fcdf\" data-element_type=\"section\">\n\t\t\t\t\t\t<div class=\"elementor-container elementor-column-gap-default\">\n\t\t\t\t\t<div class=\"elementor-column elementor-col-100 elementor-top-column elementor-element elementor-element-5147d2d\" data-id=\"5147d2d\" data-element_type=\"column\">\n\t\t\t<div class=\"elementor-widget-wrap elementor-element-populated\">\n\t\t\t\t\t\t\t\t<div class=\"elementor-element elementor-element-d4dca81 elementor-widget elementor-widget-gyan_tabs\" data-id=\"d4dca81\" data-element_type=\"widget\" data-widget_type=\"gyan_tabs.default\">\n\t\t\t\t<div class=\"elementor-widget-container\">\n\t\t\t    \t<div id=\"gyan-tabs-d4dca81\" class=\"gyan-tabs gyan-tabs-horizontal\" data-tabid=\"d4dca81\">\n      \t\t<div class=\"gyan-tabs-nav\">\n        \t\t<ul class=\"gyan-tab-inline-icon\">\n        \t    \t        \t      \t\t<li class=\"active-default gyan-ease-transition\">\n                                                                                        <span class=\"gyan-icon gyan-ease-transition \">\n                                 <\/span>\n        \t      \t\t   <span class=\"gyan-tab-title\">Zasady oceniania<\/span>\n                                                   <\/li>\n        \t      \t        \t      \t\t<li class=\" gyan-ease-transition\">\n                                                                                        <span class=\"gyan-icon gyan-ease-transition \">\n                                 <\/span>\n        \t      \t\t   <span class=\"gyan-tab-title\">Podr\u0119czniki do nauki Religii<\/span>\n                                                   <\/li>\n        \t      \t            \t<\/ul>\n      \t\t<\/div>\n      \t\t<div class=\"gyan-tabs-content\">\n      \t\t\t                    <div class=\"active-default\">\n    \t\t      \t\t    \t\t\t\t\t\t\t<p><span style=\"font-family: arial, helvetica, sans-serif;\">ZASADY OCENIANIA OSI\u0104GNI\u0118\u0106 EDUKACYJNYCH Z RELIGII RZYMSKOKATOLICKIEJ W SZKO\u0141ACH<\/span><\/p><p><span style=\"font-family: arial, helvetica, sans-serif;\">KOMISJA WYCHOWANIA KATOLICKIEGO <\/span><span style=\"font-family: arial, helvetica, sans-serif;\">KONFERENCJI EPISKOPATU POLSKI<\/span><br \/><span style=\"font-family: arial, helvetica, sans-serif;\">01-015 Warszawa, Skwer Kardyna\u0142a Wyszy\u0144skiego 6<\/span><br \/><span style=\"font-family: arial, helvetica, sans-serif;\">Warszawa, 25 sierpnia 2008 r.<\/span><br \/><span style=\"font-family: arial, helvetica, sans-serif;\">KWEP-C- 464\/08<\/span><\/p><p><span style=\"text-decoration: underline; color: #000080;\"><span style=\"font-family: arial, helvetica, sans-serif;\"><a style=\"color: #000080; text-decoration: underline;\" href=\"https:\/\/sp3.mikolow.eu\/wp-content\/uploads\/2024\/10\/KOMISJA-WYCHOWANIA-KATOLICKIEGO-zasady-oceniania.pdf\">KOMISJA-WYCHOWANIA-KATOLICKIEGO-zasady-oceniania.pdf<\/a><\/span><\/span><\/p>    \t\t\t\t\t\t\t                    <\/div>\n    \t\t\t                    <div class=\"\">\n    \t\t      \t\t    \t\t\t\t\t\t\t<p><span style=\"color: #993300; font-family: arial, helvetica, sans-serif;\">PODR\u0118CZNIKI DO NAUKI RELIGII<\/span><\/p><p><span style=\"font-family: arial, helvetica, sans-serif;\">Wykaz podr\u0119cznik\u00f3w <span style=\"text-decoration: underline;\">Wydawnictwa Jedno\u015b\u0107<\/span> na rok szkolny 2024\/2025 do program\u00f3w nauczania religii opartych na Podstawie programowej katechezy Ko\u015bcio\u0142a katolickiego w Polsce z dnia 8 czerwca 2018 roku.<\/span><\/p><p><span style=\"font-family: arial, helvetica, sans-serif;\">Kl. I<br \/><\/span><span style=\"font-family: arial, helvetica, sans-serif;\">Nazwa podr\u0119cznika : Poznaj\u0119 Bo\u017cy \u015bwiat<br \/><\/span><span style=\"font-family: arial, helvetica, sans-serif;\">Autorzy: ks. dr K. Mielnicki, E. Kondrak, J. Snopek<br \/><\/span><span style=\"font-family: arial, helvetica, sans-serif;\">Program: \"Zaproszeni na uczt\u0119 z Panem Jezusem\" nr AZ-1-01\/18<\/span><\/p><p><span style=\"font-family: arial, helvetica, sans-serif;\">Kl. II<br \/><\/span><span style=\"font-family: arial, helvetica, sans-serif;\">Nazwa podr\u0119cznika : Odkrywam kr\u00f3lestwo Bo\u017ce<br \/><\/span><span style=\"font-family: arial, helvetica, sans-serif;\">Autorzy: ks. dr K. Mielnicki, E. Kondrak<br \/><\/span><span style=\"font-family: arial, helvetica, sans-serif;\">Program: \"Zaproszeni na uczt\u0119 z Panem Jezusem\" nr AZ-1-01\/18<\/span><\/p><p><span style=\"font-family: arial, helvetica, sans-serif;\">Kl. III<br \/><\/span><span style=\"font-family: arial, helvetica, sans-serif;\">Nazwa podr\u0119cznika: Poznaj\u0119 Jezusa \u2013<span style=\"color: #993300;\"> kupi\u0107 tylko ZESZYT \u0106WICZE\u0143<br \/><\/span><\/span><span style=\"font-family: arial, helvetica, sans-serif;\">Autorzy: ks. dr K. Mielnicki, E. Kondrak<br \/><\/span><span style=\"font-family: arial, helvetica, sans-serif;\">Program: \"Zaproszeni na uczt\u0119 z Panem Jezusem\" nr AZ-1-01\/18<\/span><\/p><p><span style=\"font-family: arial, helvetica, sans-serif;\">Kl. IV<br \/><\/span><span style=\"font-family: arial, helvetica, sans-serif;\">Nazwa podr\u0119cznika : Odkrywam \u017cycie z Jezusem \u2013<span style=\"color: #993300;\"> kupi\u0107 tylko ZESZYT \u0106WICZE\u0143<\/span><br \/><\/span><span style=\"font-family: arial, helvetica, sans-serif;\">Autorzy: ks. dr K. Mielnicki, E. Kondrak<br \/><\/span><span style=\"font-family: arial, helvetica, sans-serif;\">Program: \"Zaproszeni na uczt\u0119 z Panem Jezusem\" nr AZ-1-01\/18<\/span><\/p><p><span style=\"font-family: arial, helvetica, sans-serif;\">Kl. V<br \/><\/span><span style=\"font-family: arial, helvetica, sans-serif;\">Nazwa podr\u0119cznika : Szcz\u0119\u015bliwi, kt\u00f3rzy szukaj\u0105 prawdy<br \/><\/span><span style=\"font-family: arial, helvetica, sans-serif;\">Autorzy: <\/span><span style=\"font-family: arial, helvetica, sans-serif;\">ks. dr K. Mielnicki, E. Kondrak<br \/><\/span><span style=\"font-family: arial, helvetica, sans-serif;\">Program: \"Przez prawd\u0119, pi\u0119kno i dobro zdobywamy \u015bwi\u0119to\u015b\u0107\" nr AZ-2-02\/20<\/span><\/p><p><span style=\"font-family: arial, helvetica, sans-serif;\">Kl. VI<br \/><\/span><span style=\"font-family: arial, helvetica, sans-serif;\">Nazwa podr\u0119cznika : Szcz\u0119\u015bliwi, kt\u00f3rzy odkrywaj\u0105 pi\u0119kno<br \/><\/span><span style=\"font-family: arial, helvetica, sans-serif;\">Autorzy: ks. dr K. Mielnicki, E. Kondrak<br \/><\/span><span style=\"font-family: arial, helvetica, sans-serif;\">Program: \"Przez prawd\u0119, pi\u0119kno i dobro zdobywamy \u015bwi\u0119to\u015b\u0107\" nr AZ-2-02\/20<\/span><\/p><p><span style=\"font-family: arial, helvetica, sans-serif;\">Kl. VII<br \/><\/span><span style=\"font-family: arial, helvetica, sans-serif;\">Nazwa podr\u0119cznika : Szcz\u0119\u015bliwi, kt\u00f3rzy czyni\u0105 dobro<br \/><\/span><span style=\"font-family: arial, helvetica, sans-serif;\">Autorzy: ks. dr K. Mielnicki, E. Kondrak<br \/><\/span><span style=\"font-family: arial, helvetica, sans-serif;\">Program: \"Przez prawd\u0119, pi\u0119kno i dobro zdobywamy \u015bwi\u0119to\u015b\u0107\" nr AZ-2-02\/20<\/span><\/p><p><span style=\"font-family: arial, helvetica, sans-serif;\">Kl. VIII<br \/><\/span><span style=\"font-family: arial, helvetica, sans-serif;\">Nazwa podr\u0119cznika:\u00a0 Szcz\u0119\u015bliwi, kt\u00f3rzy zdobywaj\u0105 \u015bwi\u0119to\u015b\u0107<br \/><\/span><span style=\"font-family: arial, helvetica, sans-serif;\">Autorzy: ks. dr K. Mielnicki, E. Kondrak<br \/><\/span><span style=\"font-family: arial, helvetica, sans-serif;\">Program: \"Przez prawd\u0119, pi\u0119kno i dobro zdobywamy \u015bwi\u0119to\u015b\u0107\" nr AZ-2-02\/20<\/span><\/p>    \t\t\t\t\t\t\t                    <\/div>\n    \t\t\t      \t\t<\/div>\n    \t<\/div>\n\t   \t\t<\/div>\n\t\t\t\t<\/div>\n\t\t\t\t\t<\/div>\n\t\t<\/div>\n\t\t\t\t\t\t\t<\/div>\n\t\t<\/section>\n\t\t\t\t\t\t<\/div>\n\t\t\t\t\t<\/div>\n\t\t","protected":false},"excerpt":{"rendered":"<p>Zasady oceniania Podr\u0119czniki do nauki Religii ZASADY OCENIANIA OSI\u0104GNI\u0118\u0106 EDUKACYJNYCH Z RELIGII RZYMSKOKATOLICKIEJ W SZKO\u0141ACH KOMISJA WYCHOWANIA KATOLICKIEGO KONFERENCJI EPISKOPATU POLSKI01-015 Warszawa, Skwer Kardyna\u0142a Wyszy\u0144skiego 6Warszawa, 25 sierpnia 2008 r.KWEP-C- 464\/08 KOMISJA-WYCHOWANIA-KATOLICKIEGO-zasady-oceniania.pdf PODR\u0118CZNIKI DO NAUKI RELIGII Wykaz podr\u0119cznik\u00f3w Wydawnictwa Jedno\u015b\u0107 na rok szkolny 2024\/2025 do program\u00f3w nauczania religii opartych na [&hellip;]<\/p>\n","protected":false},"author":2,"featured_media":0,"parent":0,"menu_order":0,"comment_status":"closed","ping_status":"closed","template":"","meta":{"ngg_post_thumbnail":0},"_links":{"self":[{"href":"https:\/\/sp3.mikolow.eu\/index.php\/wp-json\/wp\/v2\/pages\/8790"}],"collection":[{"href":"https:\/\/sp3.mikolow.eu\/index.php\/wp-json\/wp\/v2\/pages"}],"about":[{"href":"https:\/\/sp3.mikolow.eu\/index.php\/wp-json\/wp\/v2\/types\/page"}],"author":[{"embeddable":true,"href":"https:\/\/sp3.mikolow.eu\/index.php\/wp-json\/wp\/v2\/users\/2"}],"replies":[{"embeddable":true,"href":"https:\/\/sp3.mikolow.eu\/index.php\/wp-json\/wp\/v2\/comments?post=8790"}],"version-history":[{"count":7,"href":"https:\/\/sp3.mikolow.eu\/index.php\/wp-json\/wp\/v2\/pages\/8790\/revisions"}],"predecessor-version":[{"id":10289,"href":"https:\/\/sp3.mikolow.eu\/index.php\/wp-json\/wp\/v2\/pages\/8790\/revisions\/10289"}],"wp:attachment":[{"href":"https:\/\/sp3.mikolow.eu\/index.php\/wp-json\/wp\/v2\/media?parent=8790"}],"curies":[{"name":"wp","href":"https:\/\/api.w.org\/{rel}","templated":true}]}}