{"id":4054,"date":"2022-09-13T10:46:43","date_gmt":"2022-09-13T10:46:43","guid":{"rendered":"https:\/\/sp3.mikolow.eu\/?page_id=4054"},"modified":"2026-01-30T14:59:18","modified_gmt":"2026-01-30T13:59:18","slug":"swietlica-dla-rodzica","status":"publish","type":"page","link":"https:\/\/sp3.mikolow.eu\/index.php\/swietlica-dla-rodzica\/","title":{"rendered":"\u015awietlica dla rodzica"},"content":{"rendered":"<p style=\"text-align: center;\"><span style=\"font-family: arial, helvetica, sans-serif;\"><strong>Kontakt ze \u015bwietlic\u0105:<br \/>\n&nbsp; &nbsp; &nbsp;telefonicznie:&nbsp;570485384&nbsp;&nbsp;<br \/>\n<img loading=\"lazy\" title=\"mail\" src=\"https:\/\/sp3mikolow.edupage.org\/global\/pics\/js\/ckeditor\/plugins\/smiley\/images\/envelope.png\" alt=\"mail\" width=\"23\" height=\"23\">&nbsp;e-mail:&nbsp;&nbsp;<a href=\"mailto:swietlica@sp3.mikolow.eu\">swietlica@sp3.mikolow.eu<\/a>&nbsp;<br \/>\n&nbsp;<img loading=\"lazy\" title=\"mail\" src=\"https:\/\/sp3mikolow.edupage.org\/global\/pics\/js\/ckeditor\/plugins\/smiley\/images\/envelope.png\" alt=\"mail\" width=\"23\" height=\"23\">librus: Beata Durska<\/strong><strong>&nbsp;<\/strong><\/span><\/p>\n<p style=\"text-align: center;\">&nbsp;<\/p>\n<p style=\"text-align: center;\"><span style=\"font-family: arial, helvetica, sans-serif;\"><img src=\"https:\/\/sp3mikolow.edupage.org\/global\/pics\/iconspro\/general\/info.png\" alt=\"\" height=\"150pxpx\"><\/span><\/p>\n<p style=\"text-align: center;\"><span style=\"font-family: arial, helvetica, sans-serif;\"><strong>&nbsp;<\/strong><\/span><\/p>\n<p style=\"text-align: center;\"><span style=\"font-family: arial, helvetica, sans-serif;\"><strong>ZAPISY NA OBIADY&nbsp;&nbsp;<\/strong><\/span><\/p>\n<p style=\"text-align: center;\">&nbsp;<\/p>\n<p style=\"text-align: center;\" align=\"center\"><span style=\"font-family: arial, helvetica, sans-serif;\"><strong><img loading=\"lazy\" title=\"smiley\" src=\"https:\/\/sp3mikolow.edupage.org\/global\/pics\/js\/ckeditor\/plugins\/smiley\/images\/regular_smile.png\" alt=\"smiley\" width=\"23\" height=\"23\"><\/strong><strong>ROK SZKOLNY 2025\/2026<\/strong><strong><img loading=\"lazy\" title=\"smiley\" src=\"https:\/\/sp3mikolow.edupage.org\/global\/pics\/js\/ckeditor\/plugins\/smiley\/images\/regular_smile.png\" alt=\"smiley\" width=\"23\" height=\"23\"><\/strong><\/span><\/p>\n<p style=\"text-align: center;\" align=\"center\"><span style=\"font-family: arial, helvetica, sans-serif;\"><strong>aby zapisa\u0107 si\u0119 na obiad lub do \u015bwietlicy<\/strong><\/span><\/p>\n<p style=\"text-align: center;\" align=\"center\"><span style=\"font-family: arial, helvetica, sans-serif;\"><img src=\"https:\/\/sp3mikolow.edupage.org\/global\/pics\/icons\/Actions\/nu_kget.gif\" alt=\"\"><\/span><\/p>\n<p style=\"text-align: center;\"><span style=\"font-family: arial, helvetica, sans-serif;\"><strong>&nbsp;ABY ZAPISA\u0106&nbsp; DZIECKO DO \u015aWIETLICY NALE\u017bY:<\/strong><\/span><\/p>\n<p class=\"CxSpMiddle\" style=\"text-align: center;\"><span style=\"font-family: arial, helvetica, sans-serif;\">1.&nbsp; wniosek zapisu wype\u0142ni\u0107 i dostarczy\u0107 do \u015bwietlicy do pobrania ze \u015bwietlicy<\/span><br \/>\n<span style=\"font-family: arial, helvetica, sans-serif;\">lub&nbsp;&nbsp;\u21d2 <a href=\"https:\/\/sp3.mikolow.eu\/wp-content\/uploads\/2025\/08\/Karta-zgloszenia-do-swietlicy-25-26.doc\">Karta zg\u0142oszenia do swietlicy 25-26<\/a><\/span><\/p>\n<p class=\"CxSpMiddle\" style=\"text-align: center;\"><span style=\"font-family: arial, helvetica, sans-serif;\"><strong><a href=\"https:\/\/sp3.mikolow.eu\/wp-content\/uploads\/2022\/09\/klauzula_RODO.pdf\">klauzula RODO.pdf<\/a>&nbsp; <\/strong>&nbsp;<\/span><\/p>\n<p class=\"CxSpMiddle\" style=\"text-align: center;\"><span style=\"font-family: arial, helvetica, sans-serif;\">2.&nbsp; zapozna\u0107 si\u0119 z regulaminem \u015bwietlicy oraz&nbsp;procedurami<\/span><br \/>\n<span style=\"font-family: arial, helvetica, sans-serif;\">dost\u0119pnymi na stronie internetowej szko\u0142y&nbsp;<\/span><br \/>\n<span style=\"font-family: arial, helvetica, sans-serif;\">\u21d2&nbsp; <a href=\"https:\/\/sp3.mikolow.eu\/index.php\/swietlica\/regulamin-swietlicy\/\">https:\/\/sp3.mikolow.eu\/index.php\/swietlica\/regulamin-swietlicy\/<\/a><\/span><br \/>\n<span style=\"font-family: arial, helvetica, sans-serif;\">&nbsp;<\/span><\/p>\n<p style=\"text-align: center;\"><span style=\"font-family: arial, helvetica, sans-serif;\"><strong>ABY ZAPISA\u0106&nbsp; DZIECKO NA OBIADY&nbsp;NALE\u017bY:<\/strong><\/span><br \/>\n<span style=\"font-family: arial, helvetica, sans-serif;\"><img src=\"https:\/\/sp3mikolow.edupage.org\/global\/pics\/icons\/Actions\/nu_kget.gif\" alt=\"\"><\/span><\/p>\n<p style=\"text-align: center;\"><span style=\"font-family: arial, helvetica, sans-serif;\">1. wniosek zapisu wype\u0142ni\u0107 i dostarczy\u0107 do \u015bwietlicy do pobrania ze \u015bwietlicy<\/span><br \/>\n<span style=\"font-family: arial, helvetica, sans-serif;\">&nbsp; lub&nbsp;<strong>\u21d2 <a href=\"https:\/\/sp3.mikolow.eu\/wp-content\/uploads\/2025\/08\/Karta-zgloszenia-na-obiady25-26.doc\">Karta zg\u0142oszenia na obiady25-26<\/a><\/strong><\/span><\/p>\n<p style=\"text-align: center;\"><span style=\"font-family: arial, helvetica, sans-serif;\">2. zapozna\u0107 si\u0119 z zasadami p\u0142atno\u015bci dost\u0119pnym na stronie internetowej szko\u0142y<\/span><br \/>\n<span style=\"font-family: arial, helvetica, sans-serif;\"><strong>w zak\u0142adce obiady<\/strong> \u21d2 <a href=\"https:\/\/sp3.mikolow.eu\/index.php\/swietlica\/obiady\/\">https:\/\/sp3.mikolow.eu\/index.php\/swietlica\/obiady\/<\/a><\/span><br \/>\n<span style=\"font-family: arial, helvetica, sans-serif;\">&nbsp;<\/span><\/p>\n<p style=\"text-align: center;\"><span style=\"font-family: arial, helvetica, sans-serif;\">&nbsp;<img loading=\"lazy\" title=\"yes\" src=\"https:\/\/sp3mikolow.edupage.org\/global\/pics\/js\/ckeditor\/plugins\/smiley\/images\/thumbs_up.png\" alt=\"yes\" width=\"23\" height=\"23\"><\/span><\/p>\n<p style=\"text-align: center;\"><span style=\"font-family: arial, helvetica, sans-serif;\">Obiady p\u0142atne zgodnie&nbsp;z zasadami p\u0142atno\u015bci&nbsp;<strong>w zak\u0142adce&nbsp;<a href=\"https:\/\/sp3mikolow.edupage.org\/text\/?text=text\/text1&amp;subpage=5\">obiady<\/a><\/strong><\/span><br \/>\n<span style=\"font-family: arial, helvetica, sans-serif;\">\u21d2 <a href=\"https:\/\/sp3.mikolow.eu\/index.php\/swietlica\/obiady\/\">https:\/\/sp3.mikolow.eu\/index.php\/swietlica\/obiady\/<\/a><\/span><\/p>\n<p style=\"text-align: center;\" align=\"center\"><span style=\"font-family: arial, helvetica, sans-serif;\"><strong>&nbsp;<\/strong><strong>zasady og\u00f3lne:<\/strong><\/span><\/p>\n<p style=\"text-align: center;\"><span style=\"font-family: arial, helvetica, sans-serif;\"><img loading=\"lazy\" title=\"enlightened\" src=\"https:\/\/sp3mikolow.edupage.org\/global\/pics\/js\/ckeditor\/plugins\/smiley\/images\/lightbulb.png\" alt=\"enlightened\" width=\"23\" height=\"23\"><strong>Z<\/strong><strong>e \u015bwietlicy mog\u0105 korzysta\u0107 uczniowie szko\u0142y klas 1-8<\/strong><\/span><\/p>\n<p style=\"text-align: center;\"><span style=\"font-family: arial, helvetica, sans-serif;\"><img loading=\"lazy\" title=\"enlightened\" src=\"https:\/\/sp3mikolow.edupage.org\/global\/pics\/js\/ckeditor\/plugins\/smiley\/images\/lightbulb.png\" alt=\"enlightened\" width=\"23\" height=\"23\"><strong>Do \u015bwietlicy zapisa\u0107 dziecko mo\u017ce rodzic\/ opiekun prawny lub wychowawca klasy w sytuacjach&nbsp;<\/strong><b>wyj\u0105tkowych<\/b><\/span><\/p>\n<p class=\"CxSpMiddle\" style=\"text-align: center;\"><span style=\"font-family: arial, helvetica, sans-serif;\"><strong><img loading=\"lazy\" title=\"enlightened\" src=\"https:\/\/sp3mikolow.edupage.org\/global\/pics\/js\/ckeditor\/plugins\/smiley\/images\/lightbulb.png\" alt=\"enlightened\" width=\"23\" height=\"23\">\u015awietlica jest czynna codziennie od godz 7.00 do 16.30<br \/>\nRodzice zobowi\u0105zania s\u0105 do punktualnego odbierania dziecka<br \/>\nze \u015bwietlicy.&nbsp;<\/strong><\/span><\/p>\n<p style=\"text-align: center;\"><span style=\"font-family: arial, helvetica, sans-serif;\"><strong>W przypadkach braku mo\u017cliwo\u015bci punktualnego odbioru dziecka rodzic zobowi\u0105zany jest do poinformowania wychowawc\u00f3w \u015bwietlicy<br \/>\no trudno\u015bciach.<\/strong><\/span><\/p>\n<p style=\"text-align: center;\"><span style=\"font-family: arial, helvetica, sans-serif;\"><strong><img loading=\"lazy\" title=\"enlightened\" src=\"https:\/\/sp3mikolow.edupage.org\/global\/pics\/js\/ckeditor\/plugins\/smiley\/images\/lightbulb.png\" alt=\"enlightened\" width=\"23\" height=\"23\">Dzieci zapisane do \u015bwietlicy a&nbsp;nieobecne przez okres jednego miesi\u0105ca<br \/>\ni jest to nieobecno\u015b\u0107 nieusprawiedliwiona,<br \/>\nczyli niewynikaj\u0105ca z choroby, lub nieobecno\u015bci dziecka w szkole, nie zg\u0142oszona przez rodzica,&nbsp; zostaje skre\u015blone ze \u015bwietlicy.<\/strong><\/span><\/p>\n<p style=\"text-align: center;\"><span style=\"font-family: arial, helvetica, sans-serif;\"><b><img loading=\"lazy\" title=\"enlightened\" src=\"https:\/\/sp3mikolow.edupage.org\/global\/pics\/js\/ckeditor\/plugins\/smiley\/images\/lightbulb.png\" alt=\"enlightened\" width=\"23\" height=\"23\">Aby dziecko mog\u0142o samodzielnie wychodzi\u0107 ze \u015bwietlicy na wniosku zapisu rodzic powinien wype\u0142ni\u0107 stosowne o\u015bwiadczenie we wniosku zapisu do \u015bwietlicy lub w odr\u0119bnym dokumencie.<\/b><\/span><\/p>\n<p style=\"text-align: center;\"><span style=\"font-family: arial, helvetica, sans-serif;\"><strong><img loading=\"lazy\" title=\"enlightened\" src=\"https:\/\/sp3mikolow.edupage.org\/global\/pics\/js\/ckeditor\/plugins\/smiley\/images\/lightbulb.png\" alt=\"enlightened\" width=\"23\" height=\"23\">Wyj\u015bcia pojedyncze tylko za pisemn\u0105 pro\u015bba rodzica.<br \/>\n(uwzgl\u0119dniamy pro\u015bb\u0119 przes\u0142an\u0105 przez librusa).<\/strong><\/span><\/p>\n<p style=\"text-align: center;\"><span style=\"font-family: arial, helvetica, sans-serif;\"><b><img loading=\"lazy\" title=\"enlightened\" src=\"https:\/\/sp3mikolow.edupage.org\/global\/pics\/js\/ckeditor\/plugins\/smiley\/images\/lightbulb.png\" alt=\"enlightened\" width=\"23\" height=\"23\">Wszelkie zmiany dotycz\u0105ce korzystania z obiad\u00f3w i \u015bwietlicy, upowa\u017cnie\u0144 do odbioru dziecka prosz\u0119 przekazywa\u0107 pisemnie , mailem lub librusem.<\/b><\/span><\/p>\n<p style=\"text-align: center;\"><span style=\"font-family: arial, helvetica, sans-serif;\"><b><img loading=\"lazy\" title=\"enlightened\" src=\"https:\/\/sp3mikolow.edupage.org\/global\/pics\/js\/ckeditor\/plugins\/smiley\/images\/lightbulb.png\" alt=\"enlightened\" width=\"23\" height=\"23\"><\/b><b><span style=\"color: #ff0000;\">Dzieci nie b\u0119d\u0105 wypuszczane ze \u015bwietlicy na telefon<\/span><span style=\"color: #669933;\">.&nbsp;<\/span><\/b><\/span><\/p>\n<p style=\"text-align: center;\"><span style=\"font-family: arial, helvetica, sans-serif;\"><img loading=\"lazy\" title=\"enlightened\" src=\"https:\/\/sp3mikolow.edupage.org\/global\/pics\/js\/ckeditor\/plugins\/smiley\/images\/lightbulb.png\" alt=\"enlightened\" width=\"23\" height=\"23\"><strong>Na dodatkowe zaj\u0119cia ODBYWAJ\u0104CE si\u0119 na terenie szko\u0142y psycholog, pedagog, logopeda, k\u00f3\u0142ka zainteresowa\u0144 oraz poza jej terenem&nbsp;(MOSiR i Hala) wychowawcy \u015bwietlicy deleguj\u0105 tylko uczni\u00f3w, kt\u00f3rych rodzice z\u0142o\u017cyli informacj\u0119 o w\/w zaj\u0119ciach i ich terminach do \u015bwietlicy.<\/strong><\/span><\/p>\n<p style=\"text-align: center;\"><span style=\"font-family: arial, helvetica, sans-serif;\"><strong><img loading=\"lazy\" title=\"enlightened\" src=\"https:\/\/sp3mikolow.edupage.org\/global\/pics\/js\/ckeditor\/plugins\/smiley\/images\/lightbulb.png\" alt=\"enlightened\" width=\"23\" height=\"23\">Z obiad\u00f3w korzystaj\u0105 tylko dzieci, kt\u00f3rych rodzice z\u0142o\u017cyli karty zapisu&nbsp;i dokonali terminowej wp\u0142aty.<\/strong><\/span><\/p>\n<p style=\"text-align: center;\"><span style=\"font-family: arial, helvetica, sans-serif;\"><strong><img loading=\"lazy\" title=\"enlightened\" src=\"https:\/\/sp3mikolow.edupage.org\/global\/pics\/js\/ckeditor\/plugins\/smiley\/images\/lightbulb.png\" alt=\"enlightened\" width=\"23\" height=\"23\">Kwoty wp\u0142at za obiady b\u0119d\u0105 podane po ustaleniu przez dyrektora szko\u0142y termin\u00f3w dodatkowych dni wolnych.<\/strong><\/span><\/p>\n<p style=\"text-align: center;\"><span style=\"font-family: arial, helvetica, sans-serif;\"><strong><img loading=\"lazy\" title=\"enlightened\" src=\"https:\/\/sp3mikolow.edupage.org\/global\/pics\/js\/ckeditor\/plugins\/smiley\/images\/lightbulb.png\" alt=\"enlightened\" width=\"23\" height=\"23\">W \u015bwietlicy obowi\u0105zuje obuwie zmienne.<br \/>\n<img loading=\"lazy\" title=\"enlightened\" src=\"https:\/\/sp3mikolow.edupage.org\/global\/pics\/js\/ckeditor\/plugins\/smiley\/images\/lightbulb.png\" alt=\"enlightened\" width=\"23\" height=\"23\">Kontakt ze \u015bwietlic\u0105:<br \/>\n&nbsp; &nbsp; &nbsp;telefonicznie:&nbsp;570485384&nbsp;&nbsp;<br \/>\n<img loading=\"lazy\" title=\"mail\" src=\"https:\/\/sp3mikolow.edupage.org\/global\/pics\/js\/ckeditor\/plugins\/smiley\/images\/envelope.png\" alt=\"mail\" width=\"23\" height=\"23\">&nbsp;e-mail:&nbsp;&nbsp;<a href=\"mailto:swietlica@sp3.mikolow.eu\">swietlica@sp3.mikolow.eu<\/a>&nbsp;,<br \/>\n&nbsp;<img loading=\"lazy\" title=\"mail\" src=\"https:\/\/sp3mikolow.edupage.org\/global\/pics\/js\/ckeditor\/plugins\/smiley\/images\/envelope.png\" alt=\"mail\" width=\"23\" height=\"23\">librus:&nbsp;Beata Durska kierownik \u015bwietlicy szkolnej<\/strong><\/span><\/p>\n<p style=\"text-align: center;\">&nbsp;<\/p>\n<p style=\"text-align: center;\"><span style=\"font-family: arial, helvetica, sans-serif;\"><img src=\"https:\/\/www.gify.net\/data\/media\/1638\/znak-ostrzegawczy-ruchomy-obrazek-0023.gif\" alt=\"znak-ostrzegawczy-ruchomy-obrazek-0023\">&nbsp;<strong><span style=\"font-size: x-large;\">W DNI WOLNE OD ZAJ\u0118\u0106<br \/>\n&nbsp;POZA \u015aWI\u0118TAMI I FERIAMI<br \/>\n\u015aWIETLICA SZKOLNA PE\u0141NI DY\u017bUR DLA UCZNI\u00d3W,<\/span><\/strong><\/span><br \/>\n<span style=\"font-family: arial, helvetica, sans-serif;\"><strong><span style=\"font-size: x-large;\">KT\u00d3RYCH RODZICE PRACUJ\u0104&nbsp;<br \/>\nI NIE MOG\u0104 ZAPEWNI\u0106 OPIEKI<\/span><\/strong><\/span><\/p>\n<p style=\"text-align: center;\"><span style=\"color: #ff0000; font-family: arial, helvetica, sans-serif;\"><b>(w tych dniach nie ma obiadu)<\/b><\/span><\/p>\n<p style=\"text-align: center;\"><span style=\"font-family: arial, helvetica, sans-serif;\"><strong><span style=\"color: #0000ff;\"><u>&nbsp;W GODZINACH OD 7<\/u><\/span><\/strong><strong><span style=\"color: #0000ff;\"><sup><u>00<\/u><\/sup><\/span><\/strong><strong><span style=\"color: #0000ff;\"><u>&nbsp;DO 16&nbsp;<\/u><\/span><\/strong><strong><span style=\"color: #0000ff;\"><sup><u>30<\/u><\/sup><\/span><\/strong><\/span><\/p>\n<p style=\"text-align: center;\"><span style=\"font-family: arial, helvetica, sans-serif;\"><strong><span style=\"color: #0000ff;\"><span style=\"font-size: x-large;\">termin zwrotu kart&nbsp; do \u015bwietlic <\/span><\/span><span style=\"color: #0000ff;\">ABY SKORZYSTA\u0106 Z OPIEKI NALE\u017bY WYPE\u0141NI\u0106<\/span><\/strong><\/span><br \/>\n<span style=\"font-family: arial, helvetica, sans-serif;\"><img src=\"https:\/\/sp3mikolow.edupage.org\/global\/pics\/icons\/Actions\/nu_kget.gif\" alt=\"\"><\/span><\/p>\n<p style=\"text-align: center;\"><span style=\"font-family: arial, helvetica, sans-serif;\"><span style=\"font-size: x-large;\"><b>Kart\u0119 zg\u0142oszenia na dy\u017cur<\/b><\/span> <span style=\"font-size: 12pt;\"><a href=\"https:\/\/sp3.mikolow.eu\/wp-content\/uploads\/2022\/09\/karta_zgloszenia_na_dyzur.doc\"><span style=\"font-size: 12pt;\"><b>karta <\/b><\/span><b>zg\u0142oszenia<\/b><span style=\"font-size: 12pt;\"><b> na dy\u017cur.doc<\/b><\/span><\/a><\/span><\/span><br \/>\n<span style=\"font-family: arial, helvetica, sans-serif;\"><strong><span style=\"color: #0000ff;\"><span style=\"font-size: x-large;\">&nbsp;<\/span><\/span><span style=\"color: #ff0000;\"><span style=\"font-size: x-large;\">na tydzie\u0144 przed dniem wolnym<\/span><\/span><br \/>\n<span style=\"color: #0000ff;\"><span style=\"font-size: x-large;\">(do pobrania r\u00f3wnie\u017c&nbsp;w \u015bwietlicy)<\/span><\/span><\/strong><\/span><\/p>\n<p style=\"text-align: center;\"><span style=\"font-family: arial, helvetica, sans-serif;\"><strong><span style=\"color: #0000ff;\"><span style=\"font-size: x-large;\"><img src=\"https:\/\/sp3mikolow.edupage.org\/global\/pics\/icons\/Actions\/cc_edit_remove.gif\" alt=\"\"><img src=\"https:\/\/sp3mikolow.edupage.org\/global\/pics\/icons\/Actions\/cc_edit_remove.gif\" alt=\"\"><img src=\"https:\/\/sp3mikolow.edupage.org\/global\/pics\/icons\/Actions\/cc_edit_remove.gif\" alt=\"\"><img src=\"https:\/\/sp3mikolow.edupage.org\/global\/pics\/icons\/Actions\/cc_edit_remove.gif\" alt=\"\"><img src=\"https:\/\/sp3mikolow.edupage.org\/global\/pics\/icons\/Actions\/cc_edit_remove.gif\" alt=\"\"><img src=\"https:\/\/sp3mikolow.edupage.org\/global\/pics\/icons\/Actions\/cc_edit_remove.gif\" alt=\"\"><img src=\"https:\/\/sp3mikolow.edupage.org\/global\/pics\/icons\/Actions\/cc_edit_remove.gif\" alt=\"\"><img src=\"https:\/\/sp3mikolow.edupage.org\/global\/pics\/icons\/Actions\/cc_edit_remove.gif\" alt=\"\"><img src=\"https:\/\/sp3mikolow.edupage.org\/global\/pics\/icons\/Actions\/cc_edit_remove.gif\" alt=\"\"><img src=\"https:\/\/sp3mikolow.edupage.org\/global\/pics\/icons\/Actions\/cc_edit_remove.gif\" alt=\"\"><\/span><\/span><\/strong><\/span><\/p>\n<p style=\"text-align: center;\"><span style=\"font-family: arial, helvetica, sans-serif;\"><strong><span style=\"font-size: x-large;\">Dni wolne wynikaj\u0105ce z organizacji roku szkolnego:<\/span><\/strong><\/span><\/p>\n<p style=\"text-align: center;\"><span style=\"font-family: arial, helvetica, sans-serif;\"><span style=\"font-weight: bold; color: #0000ff;\"><span style=\"font-size: x-large;\"><img title=\"enlightened\" src=\"https:\/\/sp3mikolow.edupage.org\/global\/pics\/js\/ckeditor\/plugins\/smiley\/images\/lightbulb.png\" alt=\"enlightened\"><\/span><\/span><span style=\"font-size: x-large;\"><b>przerwa \u015bwi\u0105teczna &#8211; 22-31 grudnia 2025<\/b><\/span><\/span><\/p>\n<p style=\"text-align: center;\"><span style=\"font-family: arial, helvetica, sans-serif;\"><strong><span style=\"font-size: x-large;\"><img title=\"enlightened\" src=\"https:\/\/sp3mikolow.edupage.org\/global\/pics\/js\/ckeditor\/plugins\/smiley\/images\/lightbulb.png\" alt=\"enlightened\"> ferie zimowe &#8211; 16 lutego &#8211; 1 marca 2026<\/span><\/strong><\/span><\/p>\n<p style=\"text-align: center;\"><span style=\"font-family: arial, helvetica, sans-serif;\"><strong><span style=\"font-size: x-large;\"><img title=\"enlightened\" src=\"https:\/\/sp3mikolow.edupage.org\/global\/pics\/js\/ckeditor\/plugins\/smiley\/images\/lightbulb.png\" alt=\"enlightened\">przerwa wiosenna &#8211; 2 kwietnia &#8211; 7 kwietnia 2026<\/span><\/strong><\/span><\/p>\n<p style=\"text-align: center;\"><span style=\"font-family: arial, helvetica, sans-serif;\"><strong><span style=\"font-size: x-large;\"><img title=\"enlightened\" src=\"https:\/\/sp3mikolow.edupage.org\/global\/pics\/js\/ckeditor\/plugins\/smiley\/images\/lightbulb.png\" alt=\"enlightened\">uroczyste zako\u0144czenie roku szkolnego &#8211; 26 czerwca 2026<\/span><\/strong><\/span><\/p>\n<p style=\"text-align: center;\"><span style=\"font-family: arial, helvetica, sans-serif;\"><strong><span style=\"color: #0000ff;\"><span style=\"font-size: x-large;\"><img src=\"https:\/\/sp3mikolow.edupage.org\/global\/pics\/icons\/Actions\/cc_edit_remove.gif\" alt=\"\"><img src=\"https:\/\/sp3mikolow.edupage.org\/global\/pics\/icons\/Actions\/cc_edit_remove.gif\" alt=\"\"><img src=\"https:\/\/sp3mikolow.edupage.org\/global\/pics\/icons\/Actions\/cc_edit_remove.gif\" alt=\"\"><img src=\"https:\/\/sp3mikolow.edupage.org\/global\/pics\/icons\/Actions\/cc_edit_remove.gif\" alt=\"\"><img src=\"https:\/\/sp3mikolow.edupage.org\/global\/pics\/icons\/Actions\/cc_edit_remove.gif\" alt=\"\"><img src=\"https:\/\/sp3mikolow.edupage.org\/global\/pics\/icons\/Actions\/cc_edit_remove.gif\" alt=\"\"><img src=\"https:\/\/sp3mikolow.edupage.org\/global\/pics\/icons\/Actions\/cc_edit_remove.gif\" alt=\"\"><img src=\"https:\/\/sp3mikolow.edupage.org\/global\/pics\/icons\/Actions\/cc_edit_remove.gif\" alt=\"\"><img src=\"https:\/\/sp3mikolow.edupage.org\/global\/pics\/icons\/Actions\/cc_edit_remove.gif\" alt=\"\"><img src=\"https:\/\/sp3mikolow.edupage.org\/global\/pics\/icons\/Actions\/cc_edit_remove.gif\" alt=\"\"><img src=\"https:\/\/sp3mikolow.edupage.org\/global\/pics\/icons\/Actions\/cc_edit_remove.gif\" alt=\"\"><\/span><\/span><\/strong><\/span><\/p>\n<p style=\"text-align: center;\" align=\"center\"><span style=\"font-family: arial, helvetica, sans-serif;\"><strong><u>O WSZYSTKICH ZMIANACH PROSZ\u0118 INFORMOWA\u0106 KIEROWNIKA \u015aWIETLICY<\/u><\/strong><\/span><\/p>\n<p style=\"text-align: center;\"><span style=\"font-family: arial, helvetica, sans-serif;\"><strong><u>OSOBI\u015aCIE LUB PISEMNIE<\/u><\/strong><\/span><\/p>\n<p style=\"text-align: center;\">&nbsp;<\/p>\n<p style=\"text-align: center;\" align=\"center\"><span style=\"font-family: arial, helvetica, sans-serif;\"><strong><u>konto wp\u0142at za obiady<\/u><\/strong><\/span><\/p>\n<p style=\"text-align: center;\" align=\"center\"><span style=\"font-family: arial, helvetica, sans-serif;\"><strong><u><img src=\"https:\/\/sp3mikolow.edupage.org\/global\/pics\/icons\/Actions\/nu_kget.gif\" alt=\"\"><\/u><\/strong><\/span><\/p>\n<p style=\"text-align: center;\" align=\"center\"><span style=\"font-family: arial, helvetica, sans-serif;\"><strong>&nbsp;&nbsp;&nbsp; konto MBS:&nbsp;<\/strong><strong>84 8436 0003 0000 0003 8654 0004<\/strong><\/span><\/p>\n<p style=\"text-align: center;\"><span style=\"font-family: arial, helvetica, sans-serif;\"><strong>KONTAKT: &nbsp;&nbsp;&nbsp;&nbsp;<\/strong><\/span><\/p>\n<p style=\"text-align: center;\"><span style=\"font-family: arial, helvetica, sans-serif;\"><strong><img src=\"https:\/\/sp3mikolow.edupage.org\/global\/pics\/icons\/Objects\/c_yast_PhoneTTOffhook.gif\" alt=\"\">&nbsp;<\/strong><\/span><\/p>\n<p style=\"text-align: center;\"><span style=\"font-family: arial, helvetica, sans-serif;\"><strong>570485384<\/strong><\/span><\/p>\n<p style=\"text-align: center;\"><span style=\"font-family: arial, helvetica, sans-serif;\"><img src=\"https:\/\/sp3mikolow.edupage.org\/global\/pics\/icons\/Other\/nu_mozilla-thunderbird.gif\"><\/span><\/p>\n<p style=\"text-align: center;\"><span style=\"font-family: arial, helvetica, sans-serif;\"><strong>email:<\/strong><\/span><\/p>\n<p style=\"text-align: center;\"><span style=\"font-family: arial, helvetica, sans-serif;\"><strong><a href=\"mailto:swietlica@sp3.mikolow.eu\">swietlica@sp3.mikolow.eu<\/a><\/strong><\/span><\/p>\n<p style=\"text-align: center;\">&nbsp;<\/p>\n","protected":false},"excerpt":{"rendered":"<p>Kontakt ze \u015bwietlic\u0105: &nbsp; &nbsp; &nbsp;telefonicznie:&nbsp;570485384&nbsp;&nbsp; &nbsp;e-mail:&nbsp;&nbsp;swietlica@sp3.mikolow.eu&nbsp; &nbsp;librus: Beata Durska&nbsp; &nbsp; &nbsp; ZAPISY NA OBIADY&nbsp;&nbsp; &nbsp; ROK SZKOLNY 2025\/2026 aby zapisa\u0107 si\u0119 na obiad lub do \u015bwietlicy &nbsp;ABY ZAPISA\u0106&nbsp; DZIECKO DO \u015aWIETLICY NALE\u017bY: 1.&nbsp; wniosek zapisu wype\u0142ni\u0107 i dostarczy\u0107 do \u015bwietlicy do pobrania ze \u015bwietlicy lub&nbsp;&nbsp;\u21d2 Karta zg\u0142oszenia do swietlicy [&hellip;]<\/p>\n","protected":false},"author":2,"featured_media":0,"parent":0,"menu_order":0,"comment_status":"closed","ping_status":"closed","template":"","meta":{"ngg_post_thumbnail":0},"_links":{"self":[{"href":"https:\/\/sp3.mikolow.eu\/index.php\/wp-json\/wp\/v2\/pages\/4054"}],"collection":[{"href":"https:\/\/sp3.mikolow.eu\/index.php\/wp-json\/wp\/v2\/pages"}],"about":[{"href":"https:\/\/sp3.mikolow.eu\/index.php\/wp-json\/wp\/v2\/types\/page"}],"author":[{"embeddable":true,"href":"https:\/\/sp3.mikolow.eu\/index.php\/wp-json\/wp\/v2\/users\/2"}],"replies":[{"embeddable":true,"href":"https:\/\/sp3.mikolow.eu\/index.php\/wp-json\/wp\/v2\/comments?post=4054"}],"version-history":[{"count":9,"href":"https:\/\/sp3.mikolow.eu\/index.php\/wp-json\/wp\/v2\/pages\/4054\/revisions"}],"predecessor-version":[{"id":10597,"href":"https:\/\/sp3.mikolow.eu\/index.php\/wp-json\/wp\/v2\/pages\/4054\/revisions\/10597"}],"wp:attachment":[{"href":"https:\/\/sp3.mikolow.eu\/index.php\/wp-json\/wp\/v2\/media?parent=4054"}],"curies":[{"name":"wp","href":"https:\/\/api.w.org\/{rel}","templated":true}]}}