{"id":3938,"date":"2022-09-12T17:35:39","date_gmt":"2022-09-12T17:35:39","guid":{"rendered":"https:\/\/sp3.mikolow.eu\/?page_id=3938"},"modified":"2026-02-05T22:17:34","modified_gmt":"2026-02-05T21:17:34","slug":"jestesmy-szkola-integracyjna","status":"publish","type":"page","link":"https:\/\/sp3.mikolow.eu\/index.php\/jestesmy-szkola-integracyjna\/","title":{"rendered":"Jeste\u015bmy szko\u0142\u0105 integracyjn\u0105"},"content":{"rendered":"\t\t<div data-elementor-type=\"wp-page\" data-elementor-id=\"3938\" class=\"elementor elementor-3938\" data-elementor-settings=\"[]\">\n\t\t\t\t\t\t\t<div class=\"elementor-section-wrap\">\n\t\t\t\t\t\t\t<section class=\"elementor-section elementor-top-section elementor-element elementor-element-564f3e0 elementor-section-boxed elementor-section-height-default elementor-section-height-default\" data-id=\"564f3e0\" data-element_type=\"section\">\n\t\t\t\t\t\t<div class=\"elementor-container elementor-column-gap-default\">\n\t\t\t\t\t<div class=\"elementor-column elementor-col-100 elementor-top-column elementor-element elementor-element-c2baa5a\" data-id=\"c2baa5a\" data-element_type=\"column\">\n\t\t\t<div class=\"elementor-widget-wrap elementor-element-populated\">\n\t\t\t\t\t\t\t\t<div class=\"elementor-element elementor-element-7a4ecdd elementor-widget elementor-widget-gyan_tabs\" data-id=\"7a4ecdd\" data-element_type=\"widget\" data-widget_type=\"gyan_tabs.default\">\n\t\t\t\t<div class=\"elementor-widget-container\">\n\t\t\t    \t<div id=\"gyan-tabs-7a4ecdd\" class=\"gyan-tabs gyan-tabs-horizontal\" data-tabid=\"7a4ecdd\">\n      \t\t<div class=\"gyan-tabs-nav\">\n        \t\t<ul class=\"gyan-tab-inline-icon\">\n        \t    \t        \t      \t\t<li class=\"active-default gyan-ease-transition\">\n                                                                                        <span class=\"gyan-icon gyan-ease-transition \">\n                                 <\/span>\n        \t      \t\t   <span class=\"gyan-tab-title\">Oddzia\u0142y integracyjne<\/span>\n                                                   <\/li>\n        \t      \t        \t      \t\t<li class=\" gyan-ease-transition\">\n                                                                                        <span class=\"gyan-icon gyan-ease-transition \">\n                                 <\/span>\n        \t      \t\t   <span class=\"gyan-tab-title\">Integracja w Tr\u00f3jce<\/span>\n                                                   <\/li>\n        \t      \t        \t      \t\t<li class=\" gyan-ease-transition\">\n                                                                                        <span class=\"gyan-icon gyan-ease-transition \">\n                                 <\/span>\n        \t      \t\t   <span class=\"gyan-tab-title\">Historia klas integracyjnych<\/span>\n                                                   <\/li>\n        \t      \t        \t      \t\t<li class=\" gyan-ease-transition\">\n                                                                                        <span class=\"gyan-icon gyan-ease-transition \">\n                                 <\/span>\n        \t      \t\t   <span class=\"gyan-tab-title\">Integracja w pigu\u0142ce<\/span>\n                                                   <\/li>\n        \t      \t            \t<\/ul>\n      \t\t<\/div>\n      \t\t<div class=\"gyan-tabs-content\">\n      \t\t\t                    <div class=\"active-default\">\n    \t\t      \t\t    \t\t\t\t\t\t\t<table align=\"center\"><thead><tr><th scope=\"col\"><span style=\"font-family: arial, helvetica, sans-serif;\">W \u201eTr\u00f3jce\u201d przyja\u017ani\u0105, bawi\u0105 si\u0119 i wsp\u00f3lnie ucz\u0105 dzieci z specjalnymi potrzebami edukacyjnymi\u00a0\u00a0z dzie\u0107mi zdrowymi.<\/span><\/th><\/tr><\/thead><tbody><tr><td><p><span style=\"font-family: arial, helvetica, sans-serif;\">Klasy te licz\u0105 16 - 20 uczni\u00f3w, w tym 3 - 4 uczni\u00f3w o specjalnych potrzebach edukacyjnych. S\u0105 to dzieci z zaburzeniami w zachowaniu, pora\u017ceniem m\u00f3zgowym, upo\u015bledzeniem umys\u0142owym w stopniu lekkim, niedos\u0142uchem, przewlekle chore i z wieloma innymi problemami w rozwoju. Obecno\u015b\u0107 w jednej klasie dzieci z r\u00f3\u017cnymi problemami intelektualnymi, emocjonalnymi, ruchowymi wymaga sta\u0142ej pracy dw\u00f3ch pedagog\u00f3w, dlatego w ka\u017cdej klasie r\u00f3wnocze\u015bnie pracuje nauczyciel wychowawca i nauczyciel wspomagaj\u0105cy z przygotowaniem oligofrenopedagogiki. Razem staraj\u0105 si\u0119 by nauczanie by\u0142o zr\u00f3\u017cnicowane w ramach wsp\u00f3lnego programu nauczania. Mniejsza liczba uczni\u00f3w pozwala na indywidualne traktowanie dzieci, otoczenie ich lepsz\u0105 opiek\u0105 oraz dostosowanie tempa nauki do mo\u017cliwo\u015bci ka\u017cdego ucznia.<\/span><\/p><p><span style=\"font-family: arial, helvetica, sans-serif;\">W klasie integracyjnej dzieci rozwijaj\u0105 pozytywne zachowania spo\u0142eczne i zdobywaj\u0105 konkretne do\u015bwiadczenia, \u017ce ka\u017cdy cz\u0142owiek w r\u00f3\u017cny spos\u00f3b potrzebuje pomocy i w r\u00f3\u017cny spos\u00f3b mo\u017ce jej udziela\u0107. Uczniowie staj\u0105 si\u0119 bardziej otwarci, osoba \u201esprawna inaczej\u201d nie wzbudza u nich sensacji. Dzieci ucz\u0105 si\u0119, \u017ce bawi\u0107 si\u0119 i pracowa\u0107 mo\u017cna ze wszystkimi lud\u017ami, i zdrowymi i chorymi, a pomoc polega nie na lito\u015bci, ale wspieraniu i przyja\u017ani.<\/span><\/p><p><span style=\"font-family: arial, helvetica, sans-serif;\"><strong>Zasadnicz\u0105 zalet\u0105 klas integracyjnych jest umo\u017cliwienie dzieciom specjalnej troski nauki w\u015br\u00f3d zdrowych r\u00f3wie\u015bnik\u00f3w jak najbli\u017cej domu rodzinnego. <\/strong><\/span><\/p><p><span style=\"font-family: arial, helvetica, sans-serif;\">Korzy\u015bci p\u0142yn\u0105ce z integracji s\u0105 wielostronne m.in.:<\/span><\/p><ul><li><span style=\"font-family: arial, helvetica, sans-serif;\">u\u015bwiadamia dzieciom ich r\u00f3\u017cnorodno\u015b\u0107 i niepowtarzalno\u015b\u0107,<\/span><\/li><li><span style=\"font-family: arial, helvetica, sans-serif;\">uczy akceptacji dla odmienno\u015bci drugiego cz\u0142owieka,<\/span><\/li><li><span style=\"font-family: arial, helvetica, sans-serif;\">rozwija tolerancj\u0119 i \u017cyczliwo\u015b\u0107 dla r\u00f3wie\u015bnik\u00f3w,<\/span><\/li><li><span style=\"font-family: arial, helvetica, sans-serif;\">uwra\u017cliwia na problemy innych os\u00f3b.<\/span><\/li><\/ul><p><span style=\"font-family: arial, helvetica, sans-serif;\">Dzieci specjalnej troski zdobywaj\u0105 umiej\u0119tno\u015bci wa\u017cne w relacjach mi\u0119dzyludzkich, wykazuj\u0105 wi\u0119ksz\u0105 samodzielno\u015b\u0107 i dojrza\u0142o\u015b\u0107 spo\u0142eczn\u0105, ch\u0119tniej nawi\u0105zuj\u0105 kontakty z kolegami i kole\u017cankami.<\/span><\/p><p><span style=\"font-family: arial, helvetica, sans-serif;\">R\u00f3wnie\u017c rodzice uczni\u00f3w niepe\u0142nosprawnych uwa\u017caj\u0105, \u017ce ich dzieci, przebywaj\u0105c ze zdrowymi r\u00f3wie\u015bnikami, staraj\u0105 si\u0119 im dor\u00f3wna\u0107, mobilizuj\u0105 si\u0119 do wi\u0119kszego wysi\u0142ku, a tym samym lepiej rozwijaj\u0105 si\u0119 umys\u0142owo oraz spo\u0142ecznie. S\u0105 przekonani, \u017ce integracja zwi\u0119ksza szanse ich dzieci na zwyk\u0142e, normalne \u017cycie.<\/span><\/p><p><span style=\"font-family: arial, helvetica, sans-serif;\">Pe\u0142nemu rozwojowi dzieci sprzyjaj\u0105 zaj\u0119cia wspomagaj\u0105ce, kt\u00f3re odbywaj\u0105 si\u0119 na terenie naszej szko\u0142y. Prowadzone s\u0105 przez wykwalifikowanych specjalist\u00f3w. S\u0105 to:<\/span><\/p><p><span style=\"font-family: arial, helvetica, sans-serif;\">\u00b7 zaj\u0119cia rewalidacyjne,<\/span><\/p><p><span style=\"font-family: arial, helvetica, sans-serif;\">\u00b7 zaj\u0119cia logopedyczne,<\/span><\/p><p><span style=\"font-family: arial, helvetica, sans-serif;\">\u00b7 zaj\u0119cia korekcyjno \u2013 kompensacyjne,<\/span><\/p><p><span style=\"font-family: arial, helvetica, sans-serif;\">\u00b7 zaj\u0119cia terapeutyczne,<\/span><\/p><p><span style=\"font-family: arial, helvetica, sans-serif;\">\u00b7 zaj\u0119cia dydaktyczno \u2013 wyr\u00f3wnawcze,<\/span><\/p><p><span style=\"font-family: arial, helvetica, sans-serif;\">\u00b7 zaj\u0119cia gimnastyki korekcyjnej,<\/span><\/p><p><span style=\"font-family: arial, helvetica, sans-serif;\">\u00b7 r\u00f3\u017cnorodne zaj\u0119cia pozalekcyjne.<\/span><\/p><p><span style=\"font-family: arial, helvetica, sans-serif;\">W \u201eTr\u00f3jce\u201d obcowanie z niepe\u0142nosprawno\u015bci\u0105 sta\u0142o si\u0119 dla wszystkich uczni\u00f3w spraw\u0105 naturaln\u0105. Odrzucenie uprzedze\u0144 nast\u0119puje szybciej, je\u017celi dzieci przebywaj\u0105 ze sob\u0105 na co dzie\u0144. Podczas codziennych spotka\u0144, wsp\u00f3lnej nauki i zabawy ucz\u0105 si\u0119 akceptacji i tolerancji.<\/span><\/p><p><span style=\"font-family: arial, helvetica, sans-serif;\">Integracja stanowi szans\u0119 wychowania pokolenia ludzi zdrowych, kt\u00f3re b\u0119dzie wykazywa\u0142o zrozumienie i szacunek dla odmienno\u015bci drugiego cz\u0142owieka. U\u015bwiadamia nam wszystkim, \u017ce cz\u0142owiek niepe\u0142nosprawny nie znaczy niepe\u0142nowarto\u015bciowy.<\/span><\/p><\/td><\/tr><\/tbody><\/table>    \t\t\t\t\t\t\t                    <\/div>\n    \t\t\t                    <div class=\"\">\n    \t\t      \t\t    \t\t\t\t\t\t\t<p><span style=\"font-family: arial, helvetica, sans-serif;\">Szko\u0142a Podstawowa nr 3 z Oddzia\u0142ami Integracyjnymi w Miko\u0142owie od ponad dwudziestu lat wciela w \u017cycie idee <b>nauczania w\u0142\u0105czaj\u0105cego<\/b>. <b>Wykwalifikowana kadra<\/b> szkolnych specjalist\u00f3w wsp\u00f3\u0142dzia\u0142a z wychowawcami, by niepe\u0142nosprawne dziecko mog\u0142o uczy\u0107 si\u0119 wraz z r\u00f3wie\u015bnikami ze swego \u015brodowiska zamieszkania i osi\u0105gn\u0119\u0142o <b>sukces edukacyjny<\/b>.<\/span><\/p><p><span style=\"font-family: arial, helvetica, sans-serif;\">Nab\u00f3r do klas integracyjnych oparty jest na pe\u0142nej <b>dobrowolno\u015bci<\/b> i <b>akceptacji idei integracji<\/b> przez rodzic\u00f3w dzieci zdrowych i niepe\u0142nosprawnych. Uczniem takiej klasy mo\u017ce zosta\u0107 ka\u017cde dziecko, kt\u00f3re:<\/span><\/p><ul><li><span style=\"font-family: arial, helvetica, sans-serif;\">jest <b>zameldowane w rejonie szko\u0142y<\/b>;<\/span><\/li><li><span style=\"font-family: arial, helvetica, sans-serif;\">jego rozw\u00f3j emocjonalno-spo\u0142eczny przebiega <b>prawid\u0142owo<\/b>, a jego rodzice s\u0105 <b>\u015bwiadomi<\/b> za\u0142o\u017ce\u0144 klas integracyjnych;<\/span><\/li><li><span style=\"font-family: arial, helvetica, sans-serif;\">uzyska\u0142o <b>dobry poziom<\/b> w zakresie przygotowania do szko\u0142y (czytanie, liczenie, my\u015blenie, m\u00f3wienie).<\/span><\/li><\/ul><p><span style=\"font-family: arial, helvetica, sans-serif;\">Informacje na ten temat szko\u0142a pozyskuje dzi\u0119ki <b>ankietom<\/b>, wype\u0142nianym przez rodzic\u00f3w uczni\u00f3w.<\/span><\/p><p><span style=\"font-family: arial, helvetica, sans-serif;\">Aby <b>dziecko z niepe\u0142nosprawno\u015bci\u0105<\/b> mog\u0142o sta\u0107 si\u0119 uczniem klasy integracyjnej, musz\u0105 by\u0107 spe\u0142nione nast\u0119puj\u0105ce warunki:<\/span><\/p><ul><li><span style=\"font-family: arial, helvetica, sans-serif;\">zameldowanie w rejonie szko\u0142y (pierwsze\u0144stwo);<\/span><\/li><li><span style=\"font-family: arial, helvetica, sans-serif;\">posiadanie przez rodzic\u00f3w dokumentu potwierdzaj\u0105cego potrzeb\u0119 kszta\u0142cenia specjalnego, czyli <b>orzeczenia o potrzebie kszta\u0142cenia specjalnego<\/b>, wydanego przez <b>poradni\u0119 psychologiczno-pedagogiczn\u0105 <\/b>z uwagi na: niepe\u0142nosprawno\u015b\u0107 umys\u0142ow\u0105 w stopniu lekkim, niepe\u0142nosprawno\u015b\u0107 ruchow\u0105, niedowidzenie, niedos\u0142uch (w stopniu umo\u017cliwiaj\u0105cym komunikowanie), zesp\u00f3\u0142 Aspergera.<\/span><\/li><\/ul>    \t\t\t\t\t\t\t                    <\/div>\n    \t\t\t                    <div class=\"\">\n    \t\t      \t\t    \t\t\t\t\t\t\t<p><span style=\"font-family: arial, helvetica, sans-serif;\"><strong>Pierwsza klasa integracyjna<\/strong> powsta\u0142a <strong>we wrze\u015bniu 1994<\/strong> roku na poziomie klasy III na zasadzie <strong>innowacji pedagogicznej.<\/strong> Trwa\u0142a do uko\u0144czenia przez dzieci klasy VIII w 2000r. Wychowawc\u0105 w klasie III by\u0142a pani <strong>Beata Mazur, pedagogiem wspomagaj\u0105cym \u2013 pani Halina Ko\u017abia\u0142<\/strong>. W klasie IV pedagogiem wspomagaj\u0105cym i r\u00f3wnocze\u015bnie wychowawc\u0105 by\u0142a p. Beata Mazur. <strong>W klasach V- VIII wychowawstwo pe\u0142ni\u0142a p. Aleksandra Blacha, funkcj\u0119 pedagoga wspomagaj\u0105cego \u2013 p. Katarzyna Hain.<\/strong><\/span><\/p><p><span style=\"font-family: arial, helvetica, sans-serif;\"><strong>Od 1 IX 2002r nasza plac\u00f3wka zacz\u0119\u0142a nosi\u0107 nazw\u0119 Szko\u0142a Podstawowa nr 3 z Oddzia\u0142ami Integracyjnymi. <\/strong><\/span><\/p><p><span style=\"font-family: arial, helvetica, sans-serif;\"><strong>Szko\u0142\u0119 uko\u0144czyli uczniowie ju\u017c wielu oddzia\u0142\u00f3w, szczeg\u00f3\u0142y przedstawia tabela.<\/strong><\/span><\/p><p>\u00a0<\/p><table><tbody><tr><td rowspan=\"2\" width=\"41\"><p>Lp.<\/p><\/td><td rowspan=\"2\" width=\"72\"><p>Symbol klasy<\/p><\/td><td rowspan=\"2\" width=\"119\"><p>Poziom<\/p><\/td><td rowspan=\"2\" width=\"87\"><p>Rocznik uczni\u00f3w<\/p><\/td><td rowspan=\"2\" width=\"84\"><p>Lata nauki<\/p><\/td><td colspan=\"3\" width=\"313\"><p>Kl.\u00a0 I - III<\/p><\/td><td colspan=\"2\" width=\"304\"><p>Kl.\u00a0 IV - VI do 31 VIII 2017<\/p><p>KL.\u00a0 IV - VIII od 1 IX 2017<\/p><\/td><\/tr><tr><td width=\"155\"><p><strong>Wychowawca<\/strong><\/p><\/td><td width=\"154\"><p><strong>Pedagog specjalny<\/strong><\/p><\/td><td colspan=\"2\" width=\"155\"><p>\u00a0<\/p><p><strong>Wychowawca<\/strong><\/p><p>\u00a0<\/p><\/td><td width=\"154\"><p><strong>Pedagog specjalny<\/strong><\/p><\/td><\/tr><tr><td width=\"41\"><p><strong>1.<\/strong><\/p><\/td><td width=\"72\"><p>\u00a0<\/p><p>D<\/p><\/td><td width=\"119\"><p>Od klasy 3 do 8<\/p><p>Innowacja pedagogiczna od 1 IX 1994<\/p><\/td><td width=\"87\"><p>1985<\/p><\/td><td width=\"84\"><p>1992 - 2000<\/p><\/td><td width=\"155\"><p><em><sub>Bo\u017cena Damek kl.1-2<\/sub><\/em><\/p><p>Beata Mazur kl.3<\/p><\/td><td width=\"154\"><p>x<\/p><p>Halina Ko\u017abia\u0142 kl.3<\/p><\/td><td colspan=\"2\" width=\"155\"><p>Beata Mazur kl.4<\/p><p>Aleksandra Blacha kl.5-8<\/p><\/td><td width=\"154\"><p>Beata Mazur kl. 4<\/p><p>Katarzyna Hain kl.5-8<\/p><\/td><\/tr><tr><td width=\"41\"><p><strong>2.<\/strong><\/p><\/td><td width=\"72\"><p>D<\/p><\/td><td width=\"119\"><p>1-6<\/p><p>Innowacja pedagogiczna od 1 IX 1997<\/p><\/td><td width=\"87\"><p>1990<\/p><\/td><td width=\"84\"><p>1997 - 2003<\/p><\/td><td width=\"155\"><p>Krystyna Nierz\u0105d kl.1-2<\/p><p>Renata Jaszczyk kl.3<\/p><\/td><td width=\"154\"><p>Beata Mazur kl.1\u00a0\u00a0\u00a0\u00a0\u00a0\u00a0\u00a0\u00a0\u00a0\u00a0\u00a0\u00a0\u00a0\u00a0 I semestr<\/p><p>Mirella Nikolussi \u2013 Malicka od II sem. kl.1<\/p><\/td><td colspan=\"2\" width=\"155\"><p>Renata Wojtaszewska<\/p><\/td><td width=\"154\"><p>Mirella Nikolussi - Malicka<\/p><\/td><\/tr><tr><td width=\"41\"><p><strong>3.<\/strong><\/p><\/td><td width=\"72\"><p>C<\/p><\/td><td width=\"119\"><p>1-6<\/p><\/td><td width=\"87\"><p>1992<\/p><\/td><td width=\"84\"><p>1999 - 2005<\/p><\/td><td width=\"155\"><p>\u00a0Jolanta Stachnik<\/p><\/td><td width=\"154\"><p>Beata Mazur<\/p><\/td><td colspan=\"2\" width=\"155\"><p>Beata Mazur<\/p><\/td><td width=\"154\"><p>Beata Mazur<\/p><\/td><\/tr><tr><td width=\"41\"><p><strong>4.<\/strong><\/p><\/td><td width=\"72\"><p>A<\/p><\/td><td width=\"119\"><p>Od klasy 5 do 6<\/p><\/td><td width=\"87\"><p>1993<\/p><\/td><td width=\"84\"><p>2000 - 2006<\/p><\/td><td width=\"155\"><p><em><sub>Barbara Dejas<\/sub><\/em><\/p><\/td><td width=\"154\"><p>x<\/p><\/td><td colspan=\"2\" width=\"155\"><p>Barbara Wo\u017aniak<\/p><\/td><td width=\"154\"><p>Karolina Pijar<\/p><\/td><\/tr><tr><td width=\"41\"><p><strong>5.<\/strong><\/p><\/td><td width=\"72\"><p>A<\/p><\/td><td width=\"119\"><p>1-6<\/p><\/td><td width=\"87\"><p>1995<\/p><\/td><td width=\"84\"><p>2002 - 2008<\/p><\/td><td width=\"155\"><p>Ilona Rerich<\/p><\/td><td width=\"154\"><p>Joanna Palenta kl.1-2\u00a0\u00a0\u00a0\u00a0\u00a0\u00a0\u00a0\u00a0\u00a0\u00a0\u00a0\u00a0\u00a0\u00a0\u00a0\u00a0\u00a0\u00a0\u00a0\u00a0\u00a0\u00a0\u00a0\u00a0\u00a0\u00a0\u00a0 Danuta Skrobol kl.3<\/p><\/td><td colspan=\"2\" width=\"155\"><p>Danuta Skrobol kl.4-5\u00a0\u00a0\u00a0\u00a0\u00a0\u00a0\u00a0\u00a0\u00a0\u00a0\u00a0\u00a0\u00a0\u00a0\u00a0\u00a0\u00a0\u00a0\u00a0\u00a0\u00a0 Magdalena Piotrowska kl.6<\/p><\/td><td width=\"154\"><p>Danuta Skrobol kl.1-6\u00a0\u00a0\u00a0\u00a0\u00a0\u00a0\u00a0\u00a0\u00a0\u00a0\u00a0\u00a0\u00a0\u00a0\u00a0\u00a0\u00a0\u00a0\u00a0\u00a0\u00a0\u00a0\u00a0\u00a0\u00a0 Dorota Pilewska kl.6 II semestr<\/p><\/td><\/tr><tr><td width=\"41\"><p><strong>6.<\/strong><\/p><\/td><td width=\"72\"><p>A<\/p><\/td><td width=\"119\"><p>1-6<\/p><\/td><td width=\"87\"><p>1996<\/p><\/td><td width=\"84\"><p>2003 \u2013 2009<\/p><\/td><td width=\"155\"><p>Renata Jaszczyk<\/p><\/td><td width=\"154\"><p>Mirella Nikolussi - Malicka<\/p><\/td><td colspan=\"2\" width=\"155\"><p>Mirella Nikolussi - Malicka<\/p><\/td><td width=\"154\"><p>Mirella Nikolussi - Malicka<\/p><\/td><\/tr><tr><td width=\"41\"><p><strong>7.<\/strong><\/p><\/td><td width=\"72\"><p>B<\/p><\/td><td width=\"119\"><p>1-6<\/p><\/td><td width=\"87\"><p>1996<\/p><\/td><td width=\"84\"><p>2003 - 2009<\/p><\/td><td width=\"155\"><p>Barbara Banasik<\/p><\/td><td width=\"154\"><p>Beata Biela<\/p><\/td><td colspan=\"2\" width=\"155\"><p>Beata Biela<\/p><\/td><td width=\"154\"><p>Beata Biela<\/p><\/td><\/tr><tr><td width=\"41\"><p><strong>8.<\/strong><\/p><\/td><td width=\"72\"><p>A<\/p><\/td><td width=\"119\"><p>1-6<\/p><\/td><td width=\"87\"><p>1997<\/p><\/td><td width=\"84\"><p>2004 - 2010<\/p><\/td><td width=\"155\"><p>Bo\u017cena Damek kl.1-2\u00a0\u00a0\u00a0\u00a0\u00a0\u00a0\u00a0\u00a0\u00a0\u00a0\u00a0\u00a0\u00a0\u00a0\u00a0\u00a0\u00a0\u00a0\u00a0\u00a0\u00a0\u00a0\u00a0\u00a0\u00a0\u00a0\u00a0\u00a0\u00a0 Krystyna Nierz\u0105d kl.3<\/p><\/td><td width=\"154\"><p>Krystyna Nierz\u0105d kl. 1-2\u00a0\u00a0\u00a0\u00a0\u00a0\u00a0\u00a0\u00a0\u00a0\u00a0\u00a0\u00a0\u00a0\u00a0\u00a0\u00a0\u00a0\u00a0\u00a0\u00a0\u00a0\u00a0\u00a0 Roksana Sosna kl.3<\/p><\/td><td colspan=\"2\" width=\"155\"><p>Gabriela Hamm<\/p><\/td><td width=\"154\"><p>Roksana Sosna<\/p><\/td><\/tr><tr><td width=\"41\"><p><strong>9.<\/strong><\/p><\/td><td width=\"72\"><p>F<\/p><\/td><td width=\"119\"><p>Od klasy 4 do 6<\/p><\/td><td width=\"87\"><p>1997<\/p><\/td><td width=\"84\"><p>2004 -2010<\/p><\/td><td width=\"155\"><p><em><sub>Teresa Moskal<\/sub><\/em><\/p><\/td><td width=\"154\"><p>x<\/p><\/td><td colspan=\"2\" width=\"155\"><p>Mariola Tetla<\/p><\/td><td width=\"154\"><p>Mariola \u017bydek<\/p><\/td><\/tr><tr><td width=\"41\"><p><strong>10.<\/strong><\/p><\/td><td width=\"72\"><p>A<\/p><\/td><td width=\"119\"><p>1-6<\/p><\/td><td width=\"87\"><p>1998<\/p><\/td><td width=\"84\"><p>2005 - 2011<\/p><\/td><td width=\"155\"><p>Aleksandra Bortel - K\u0105dziela<\/p><\/td><td width=\"154\"><p>Katarzyna Stacho\u0144<\/p><\/td><td colspan=\"2\" width=\"155\"><p>Katarzyna Stacho\u0144<\/p><\/td><td width=\"154\"><p>Katarzyna Stacho\u0144<\/p><\/td><\/tr><tr><td width=\"41\"><p><strong>11.<\/strong><\/p><\/td><td width=\"72\"><p>A<\/p><\/td><td width=\"119\"><p>1-6<\/p><\/td><td width=\"87\"><p>1999<\/p><\/td><td width=\"84\"><p>2006 - 2012<\/p><\/td><td width=\"155\"><p>Bogus\u0142awa Fr\u0105czek<\/p><\/td><td width=\"154\"><p>Marta Walczak<\/p><\/td><td colspan=\"2\" width=\"155\"><p>Marta Walczak<\/p><\/td><td width=\"154\"><p>Marta Walczak<\/p><\/td><\/tr><tr><td width=\"41\"><p><strong>12.<\/strong><\/p><\/td><td width=\"72\"><p>B<\/p><\/td><td width=\"119\"><p>1-6<\/p><\/td><td width=\"87\"><p>1999<\/p><\/td><td width=\"84\"><p>2006 - 2012<\/p><\/td><td width=\"155\"><p>Danuta Karbowska kl.1 Joanna Palenta kl.1-3<\/p><\/td><td width=\"154\"><p>Magdalena Wieczorek kl.1-2 Beata Durska kl. 3<\/p><\/td><td colspan=\"2\" width=\"155\"><p>Ma\u0142gorzata Brz\u0119k<\/p><\/td><td width=\"154\"><p>Beata Durska kl. 4 Magdalena Wieczorek - Kusiak 5-6<\/p><\/td><\/tr><tr><td width=\"41\"><p><strong>13.<\/strong><\/p><\/td><td width=\"72\"><p>A<\/p><\/td><td width=\"119\"><p>1-6<\/p><\/td><td width=\"87\"><p>2000<\/p><\/td><td width=\"84\"><p>2007 - 2013<\/p><\/td><td width=\"155\"><p>Natalia Kura<\/p><\/td><td width=\"154\"><p>Karolina Pijar<\/p><\/td><td colspan=\"2\" width=\"155\"><p>Karolina Pijar<\/p><\/td><td width=\"154\"><p>Karolina Pijar<\/p><\/td><\/tr><tr><td width=\"41\"><p><strong>14.<\/strong><\/p><\/td><td width=\"72\"><p>B<\/p><\/td><td width=\"119\"><p>1-6<\/p><\/td><td width=\"87\"><p>2000<\/p><\/td><td width=\"84\"><p>2007 - 2013<\/p><\/td><td width=\"155\"><p>Teresa Moskal<\/p><\/td><td width=\"154\"><p>Iwona Gniza<\/p><\/td><td colspan=\"2\" width=\"155\"><p>Aleksandra St\u0119pie\u0144<\/p><\/td><td width=\"154\"><p>Iwona Gniza 4-5 Agnieszka Starzyczny kl.6<\/p><\/td><\/tr><tr><td width=\"41\"><p><strong>15.<\/strong><\/p><\/td><td width=\"72\"><p>A<\/p><\/td><td width=\"119\"><p>Od klasy 1 do 3<\/p><\/td><td width=\"87\"><p>2001<\/p><\/td><td width=\"84\"><p>2008 - 2014<\/p><\/td><td width=\"155\"><p>Urszula Michna<\/p><\/td><td width=\"154\"><p>Danuta Skrobol<\/p><\/td><td colspan=\"2\" width=\"155\"><p><em><sub>Beata Urbacz<\/sub><\/em><\/p><\/td><td width=\"154\"><p>x<\/p><\/td><\/tr><tr><td width=\"41\"><p><strong>16.<\/strong><\/p><\/td><td width=\"72\"><p>B<\/p><\/td><td width=\"119\"><p>1-6<\/p><\/td><td width=\"87\"><p>2001<\/p><\/td><td width=\"84\"><p>2008 - 2014<\/p><\/td><td width=\"155\"><p>Justyna Zawada<\/p><\/td><td width=\"154\"><p>Monika Prysak<\/p><\/td><td colspan=\"2\" width=\"155\"><p>Magdalena Piotrowska<\/p><\/td><td width=\"154\"><p>Monika Prysak<\/p><\/td><\/tr><tr><td width=\"41\"><p><strong>17.<\/strong><\/p><\/td><td width=\"72\"><p>A<\/p><\/td><td width=\"119\"><p>1-6<\/p><\/td><td width=\"87\"><p>2002<\/p><\/td><td width=\"84\"><p>2009 - 2015<\/p><\/td><td width=\"155\"><p>Joanna Ferdyn<\/p><\/td><td width=\"154\"><p>Aleksandra Kwapuli\u0144ska<\/p><\/td><td colspan=\"2\" width=\"155\"><p>Zofia Wierzbi\u0144ska<\/p><\/td><td width=\"154\"><p>Aleksandra Kwapuli\u0144ska<\/p><\/td><\/tr><tr><td width=\"41\"><p><strong>18.<\/strong><\/p><\/td><td width=\"72\"><p>B<\/p><\/td><td width=\"119\"><p>1-6<\/p><\/td><td width=\"87\"><p>2002<\/p><\/td><td width=\"84\"><p>2009 - 2015<\/p><\/td><td width=\"155\"><p>Joanna Palenta<\/p><\/td><td width=\"154\"><p>El\u017cbieta Jele\u0144<\/p><\/td><td colspan=\"2\" width=\"155\"><p>Izabela Poloczek<\/p><\/td><td width=\"154\"><p>El\u017cbieta Jele\u0144<\/p><\/td><\/tr><tr><td width=\"41\"><p><strong>19.<\/strong><\/p><\/td><td width=\"72\"><p>A<\/p><\/td><td width=\"119\"><p>1-6<\/p><\/td><td width=\"87\"><p>2003<\/p><\/td><td width=\"84\"><p>2010 - 2016<\/p><\/td><td width=\"155\"><p>Renata Faron<\/p><\/td><td width=\"154\"><p>Mirella Nikolussi - Malicka<\/p><\/td><td colspan=\"2\" width=\"155\"><p>Mirella Nikolussi - Malicka<\/p><\/td><td width=\"154\"><p>Mirella Nikolussi - Malicka<\/p><\/td><\/tr><tr><td width=\"41\"><p><strong>20.<\/strong><\/p><\/td><td width=\"72\"><p>B<\/p><\/td><td width=\"119\"><p>1-6<\/p><\/td><td width=\"87\"><p>2003<\/p><\/td><td width=\"84\"><p>2010 - 2016<\/p><\/td><td width=\"155\"><p>Betina Palewicz<\/p><\/td><td width=\"154\"><p>Beata Durska<\/p><\/td><td colspan=\"2\" width=\"155\"><p>Beata Durska<\/p><\/td><td width=\"154\"><p>Beata Durska<\/p><\/td><\/tr><tr><td width=\"41\"><p><strong>21.<\/strong><\/p><\/td><td width=\"72\"><p>A<\/p><\/td><td width=\"119\"><p>1-6-8<\/p><\/td><td width=\"87\"><p>2004<\/p><\/td><td width=\"84\"><p>2011 - 2019<\/p><\/td><td width=\"155\"><p>Justyna Nieradzik<\/p><\/td><td width=\"154\"><p>Anna Tomaszewska<\/p><\/td><td colspan=\"2\" width=\"155\"><p>Magdalena Piotrowska<\/p><\/td><td width=\"154\"><p>Anna Tomaszewska 4-6 Monika Szekiel-Mnich 7-8<\/p><\/td><\/tr><tr><td width=\"41\"><p><strong>22.<\/strong><\/p><\/td><td width=\"72\"><p>A<\/p><\/td><td width=\"119\"><p>1-6-8<\/p><\/td><td width=\"87\"><p>2005<\/p><\/td><td width=\"84\"><p>2012 - 2020<\/p><\/td><td width=\"155\"><p>Magdalena Wieczorek - Kusiak<\/p><\/td><td width=\"154\"><p>Marta Walczak kl.1-2\u00a0\u00a0\u00a0\u00a0\u00a0\u00a0\u00a0\u00a0\u00a0\u00a0\u00a0\u00a0\u00a0\u00a0\u00a0\u00a0\u00a0\u00a0\u00a0\u00a0\u00a0\u00a0\u00a0\u00a0\u00a0\u00a0 Agnieszka Zwoli\u0144ska kl. 3<\/p><\/td><td colspan=\"2\" width=\"155\"><p>Felicja Wr\u00f3blewska<\/p><\/td><td width=\"154\"><p>Marta Walczak<\/p><\/td><\/tr><tr><td width=\"41\"><p><strong>23.<\/strong><\/p><\/td><td width=\"72\"><p>B<\/p><\/td><td width=\"119\"><p>od klasy 7 do 8<\/p><\/td><td width=\"87\"><p>2005<\/p><\/td><td width=\"84\"><p>2012 - 2020<\/p><\/td><td width=\"155\"><p>x<\/p><\/td><td width=\"154\"><p>x<\/p><\/td><td colspan=\"2\" width=\"155\"><p>Agnieszka Szyma\u0144ska<\/p><\/td><td width=\"154\"><p>El\u017cbieta Jele\u0144<\/p><\/td><\/tr><tr><td width=\"41\"><p><strong>24.<\/strong><\/p><\/td><td width=\"72\"><p>A<\/p><\/td><td width=\"119\"><p>1-6-8<\/p><\/td><td width=\"87\"><p>2006<\/p><\/td><td width=\"84\"><p>2013 - 2021<\/p><\/td><td width=\"155\"><p>Barbara Banasik<\/p><\/td><td width=\"154\"><p>Karolina Pijar<\/p><\/td><td colspan=\"2\" width=\"155\"><p>Aleksandra Lesiecka<\/p><\/td><td width=\"154\"><p>Karolina Pijar<\/p><\/td><\/tr><tr><td width=\"41\"><p><strong>25.<\/strong><\/p><\/td><td width=\"72\"><p>B<\/p><\/td><td width=\"119\"><p>1-6-8<\/p><\/td><td width=\"87\"><p>2006<\/p><\/td><td width=\"84\"><p>2013 - 2021<\/p><\/td><td width=\"155\"><p>Teresa Moskal<\/p><\/td><td width=\"154\"><p>Iwona Gniza<\/p><\/td><td colspan=\"2\" width=\"155\"><p>Aleksandra St\u0119pie\u0144<\/p><\/td><td width=\"154\"><p>Iwona Gniza<\/p><\/td><\/tr><tr><td width=\"41\"><p><strong>26.<\/strong><\/p><\/td><td width=\"72\"><p>C<\/p><\/td><td width=\"119\"><p>1-6-8<\/p><\/td><td width=\"87\"><p>2006<\/p><\/td><td width=\"84\"><p>2013 - 2021<\/p><\/td><td width=\"155\"><p>Bogus\u0142awa Fr\u0105czek<\/p><\/td><td width=\"154\"><p>Zuzanna Kubacz<\/p><\/td><td colspan=\"2\" width=\"155\"><p>Beata Durska<\/p><\/td><td width=\"154\"><p>Zuzanna Kubacz<\/p><\/td><\/tr><tr><td width=\"41\"><p><strong>27.<\/strong><\/p><\/td><td width=\"72\"><p>A<\/p><\/td><td width=\"119\"><p>1-6-8<\/p><\/td><td width=\"87\"><p>2007<\/p><\/td><td width=\"84\"><p>2014 - 2022<\/p><\/td><td width=\"155\"><p>Katarzyna Stacho\u0144<\/p><\/td><td width=\"154\"><p>Monika Prysak<\/p><\/td><td colspan=\"2\" width=\"155\"><p>Beata Iskrzycka<\/p><\/td><td width=\"154\"><p>Monika Prysak<\/p><\/td><\/tr><tr><td width=\"41\"><p><strong>28.<\/strong><\/p><\/td><td width=\"72\"><p>B<\/p><\/td><td width=\"119\"><p>1-6-8<\/p><\/td><td width=\"87\"><p>2007<\/p><\/td><td width=\"84\"><p>2014 - 2022<\/p><\/td><td width=\"155\"><p>Urszula Michna<\/p><\/td><td width=\"154\"><p>Aneta Jarczyk<\/p><\/td><td colspan=\"2\" width=\"155\"><p>Joanna Grochowska-Pietryja kl.4 Urszula Michna kl.5-6\u00a0\u00a0\u00a0\u00a0\u00a0\u00a0\u00a0\u00a0\u00a0\u00a0\u00a0\u00a0\u00a0\u00a0\u00a0\u00a0\u00a0\u00a0\u00a0\u00a0\u00a0\u00a0\u00a0\u00a0\u00a0\u00a0\u00a0 J. Grochowska-Pietryja kl.7-8<\/p><\/td><td width=\"154\"><p>Urszula Michna kl.4\u00a0I semestr; kl. 5-6\u00a0\u00a0\u00a0\u00a0\u00a0\u00a0\u00a0\u00a0\u00a0\u00a0\u00a0\u00a0\u00a0\u00a0\u00a0\u00a0\u00a0\u00a0\u00a0\u00a0\u00a0\u00a0\u00a0\u00a0\u00a0\u00a0\u00a0\u00a0\u00a0\u00a0\u00a0\u00a0\u00a0 Joanna Kowalczyk kl.4\u00a0 II semestr \u00a0El\u017cbieta Jele\u0144 kl. 7-8<\/p><\/td><\/tr><tr><td width=\"41\"><p><strong>29.<\/strong><\/p><\/td><td width=\"72\"><p>A<\/p><\/td><td width=\"119\"><p>1-6-8<\/p><\/td><td width=\"87\"><p>2008\/9<\/p><\/td><td width=\"84\"><p>2015 - 2023<\/p><\/td><td width=\"155\"><p>Joanna Ferdyn<\/p><\/td><td width=\"154\"><p>Aleksandra Kwapuli\u0144ska 1-2 Karolina Melcher kl.3<\/p><\/td><td colspan=\"2\" width=\"155\"><p>\u00a0Zuzanna Truchlewska kl.4 Monika Szekiel-Mnich od kl.5\u00a0<\/p><\/td><td width=\"154\"><p>Marzena Sato\u0142a<\/p><\/td><\/tr><tr><td width=\"41\"><p><strong>30.<\/strong><\/p><\/td><td width=\"72\"><p>B<\/p><\/td><td width=\"119\"><p>1-6-8<\/p><\/td><td width=\"87\"><p>2008\/9<\/p><\/td><td width=\"84\"><p>2015 - 2023<\/p><\/td><td width=\"155\"><p>Anna Kaniewska<\/p><\/td><td width=\"154\"><p>Agnieszka Zwoli\u0144ska<\/p><\/td><td colspan=\"2\" width=\"155\"><p>Ewelina Kaczmarek<\/p><\/td><td width=\"154\"><p>Agnieszka Zwoli\u0144ska kl.4-5 Anita Stoi\u0144ska kl.6-8<\/p><\/td><\/tr><tr><td width=\"41\"><p><strong>31.<\/strong><\/p><\/td><td width=\"72\"><p>C<\/p><\/td><td width=\"119\"><p>1-6-8<\/p><\/td><td width=\"87\"><p>2008\/9<\/p><\/td><td width=\"84\"><p>2015 - 2023<\/p><\/td><td width=\"155\"><p>Joanna Palenta<\/p><\/td><td width=\"154\"><p>Joanna Machnio<\/p><\/td><td colspan=\"2\" width=\"155\"><p>Joanna Machnio<\/p><\/td><td width=\"154\"><p>Joanna Machnio<\/p><\/td><\/tr><tr><td width=\"41\"><p><strong>32.<\/strong><\/p><\/td><td width=\"72\"><p>D<\/p><\/td><td width=\"119\"><p>1-6-8<\/p><\/td><td width=\"87\"><p>2008\/9<\/p><\/td><td width=\"84\"><p>2015 - 2023<\/p><\/td><td width=\"155\"><p>Magdalena Wieczorek - Kusiak<\/p><\/td><td width=\"154\"><p>Marzena Sato\u0142a kl.1-2\u00a0\u00a0\u00a0\u00a0\u00a0\u00a0\u00a0\u00a0\u00a0\u00a0\u00a0\u00a0\u00a0\u00a0\u00a0\u00a0\u00a0\u00a0\u00a0\u00a0\u00a0\u00a0\u00a0\u00a0\u00a0\u00a0 Dorota Ma\u0144ka kl.3<\/p><\/td><td colspan=\"2\" width=\"155\"><p>Magdalena Wieczorek-Kusiak kl.4-7<\/p><p>Ma\u0142gorzata Brz\u0119k kl.8<\/p><\/td><td width=\"154\"><p>Magdalena Wieczorek-Kusiak kl.4-7<\/p><\/td><\/tr><tr><td width=\"41\"><p><strong>33.<\/strong><\/p><\/td><td width=\"72\"><p>A<\/p><\/td><td width=\"119\"><p>1-6-8<\/p><\/td><td width=\"87\"><p>2009<\/p><\/td><td width=\"84\"><p>2016 - 2024<\/p><\/td><td width=\"155\"><p>Barbara Banasik<\/p><\/td><td width=\"154\"><p>Danuta Skrobol<\/p><\/td><td colspan=\"2\" width=\"155\"><p>Magdalena Piotrowska kl.4-7<\/p><p>Lucyna P\u0142onka kl.8<\/p><\/td><td width=\"154\"><p>\u00a0Sabina \u017bmija<\/p><\/td><\/tr><tr><td width=\"41\"><p><strong>34.<\/strong><\/p><\/td><td width=\"72\"><p>A<\/p><\/td><td width=\"119\"><p>1-8<\/p><\/td><td width=\"87\"><p>2010<\/p><\/td><td width=\"84\"><p>2017 - 2025<\/p><\/td><td width=\"155\"><p>Renata Faron<\/p><p>Karolina Kozubek kl. 3 II semestr<\/p><\/td><td width=\"154\"><p>Mirella Nikolussi - Malicka<\/p><\/td><td colspan=\"2\" width=\"155\"><p>Felicja Wr\u00f3blewska<\/p><\/td><td width=\"154\"><p>Mirella Nikolussi - Malicka kl.4, 6-8<\/p><p>Aleksandra Lewandowska kl.5<\/p><\/td><\/tr><tr><td width=\"41\"><p><strong>35.<\/strong><\/p><\/td><td width=\"72\"><p>B<\/p><\/td><td width=\"119\"><p>1-8<\/p><\/td><td width=\"87\"><p>2010<\/p><\/td><td width=\"84\"><p>2017 - 2025<\/p><\/td><td width=\"155\"><p>Justyna Nieradzik<\/p><\/td><td width=\"154\"><p>Ewa Klenart<\/p><\/td><td colspan=\"2\" width=\"155\"><p>Beata Urbacz kl.4-6<\/p><p>Bartosz T\u0142ok kl.7-8<\/p><\/td><td width=\"154\"><p>Ewa Klenart kl.4<\/p><p>Justyna Piasecka kl.5-6<\/p><p>Ma\u0142gorzata Brz\u0119k kl.7-8<\/p><\/td><\/tr><tr><td width=\"41\"><p><strong>36.<\/strong><\/p><\/td><td width=\"72\"><p>A<\/p><\/td><td width=\"119\"><p>1-8<\/p><\/td><td width=\"87\"><p>2011<\/p><\/td><td width=\"84\"><p>2018 - 2026<\/p><\/td><td width=\"155\"><p>Joanna Ferdyn<\/p><p>Magdalena Wieczorek-Kusiak kl. 3 II semestr<\/p><\/td><td width=\"154\"><p>Agnieszka Spyra kl.1\u00a0\u00a0\u00a0\u00a0\u00a0\u00a0\u00a0\u00a0\u00a0\u00a0\u00a0\u00a0\u00a0\u00a0\u00a0\u00a0\u00a0\u00a0\u00a0\u00a0\u00a0\u00a0\u00a0\u00a0\u00a0\u00a0 Karolina Trzcionka kl.2-3 (Meyer kl.3)<\/p><\/td><td colspan=\"2\" width=\"155\"><p>Aleksandra Lesiecka<\/p><\/td><td width=\"154\"><p>Patrycja Matuszczyk-Wyspia\u0144ska kl.4<\/p><p>Zuzanna Kubacz kl.5-6<\/p><p>Joanna Machnio kl.7<\/p><p>Ma\u0142gorzata Brz\u0119k kl.8<\/p><\/td><\/tr><tr><td width=\"41\"><p><strong>37.<\/strong><\/p><\/td><td width=\"72\"><p>B<\/p><\/td><td width=\"119\"><p>1-8<\/p><\/td><td width=\"87\"><p>2011<\/p><\/td><td width=\"84\"><p>2018 - 2026<\/p><\/td><td width=\"155\"><p>Anna Kaniewska kl.1 I semestr Bogus\u0142awa Fr\u0105czek od kl.2<\/p><\/td><td width=\"154\"><p>Dorota Ma\u0144ka<\/p><\/td><td colspan=\"2\" width=\"155\"><p>Dorota Ma\u0144ka kl.4<\/p><p>Magdalena Grabowska kl.5-8<\/p><\/td><td width=\"154\"><p>Dorota Ma\u0144ka kl.4<\/p><p>Aleksandra Lewandowska kl.5-8<\/p><\/td><\/tr><tr><td width=\"41\"><p><strong>38.<\/strong><\/p><\/td><td width=\"72\"><p>A<\/p><\/td><td width=\"119\"><p>1-8<\/p><\/td><td width=\"87\"><p>2012<\/p><\/td><td width=\"84\"><p>2019 - 2027<\/p><\/td><td width=\"155\"><p>Barbara Banasik<\/p><\/td><td width=\"154\"><p>Magdalena Drabarek kl.1-2 Karolina Pijar kl.3<\/p><\/td><td colspan=\"2\" width=\"155\"><p>Robert Gracka kl.4-5<\/p><p>Karolina Pijar kl.6-8<\/p><\/td><td width=\"154\"><p>Karolina Pijar<\/p><\/td><\/tr><tr><td width=\"41\"><p><strong>39.<\/strong><\/p><\/td><td width=\"72\"><p>B<\/p><\/td><td width=\"119\"><p>1-8<\/p><\/td><td width=\"87\"><p>2012<\/p><\/td><td width=\"84\"><p>2019 - 2027<\/p><\/td><td width=\"155\"><p>Teresa Moskal<\/p><\/td><td width=\"154\"><p>Krystyna Nierz\u0105d<\/p><\/td><td colspan=\"2\" width=\"155\"><p>Leszek Woli\u0144ski<\/p><\/td><td width=\"154\"><p>El\u017cbieta Jele\u0144<\/p><\/td><\/tr><tr><td width=\"41\"><p><strong>40.<\/strong><\/p><\/td><td width=\"72\"><p>D<\/p><\/td><td width=\"119\"><p>Od klasy 3 do 8<\/p><\/td><td width=\"87\"><p>2012<\/p><\/td><td width=\"84\"><p>2019 - 2027<\/p><\/td><td width=\"155\"><p>Danuta Skrobol<\/p><\/td><td width=\"154\"><p>Iwona Gniza kl.3<\/p><p>\u00a0<\/p><\/td><td colspan=\"2\" width=\"155\"><p>Barbara Rak<\/p><\/td><td width=\"154\"><p>Iwona Gniza kl.4-6<\/p><p>Mirella Nikolussi - Malicka kl.7-8<\/p><\/td><\/tr><tr><td width=\"41\"><p><strong>41.<\/strong><\/p><\/td><td width=\"72\"><p>A<\/p><\/td><td width=\"119\"><p>1-8<\/p><\/td><td width=\"87\"><p>2013<\/p><\/td><td width=\"84\"><p>2020 - 2028<\/p><\/td><td width=\"155\"><p>Justyna Nieradzik<\/p><\/td><td width=\"154\"><p>Marta Walczak<\/p><\/td><td colspan=\"2\" width=\"155\"><p>Marta Walczak<\/p><\/td><td width=\"154\"><p>Marta Walczak<\/p><\/td><\/tr><tr><td width=\"41\"><p><strong>42.<\/strong><\/p><\/td><td width=\"72\"><p>B<\/p><\/td><td width=\"119\"><p>1-8<\/p><\/td><td width=\"87\"><p>2013<\/p><\/td><td width=\"84\"><p>2020 - 2028<\/p><\/td><td width=\"155\"><p>Urszula Michna<\/p><\/td><td width=\"154\"><p>Agnieszka Spyra<\/p><\/td><td colspan=\"2\" width=\"155\"><p>Monika Szekiel Mnich<\/p><\/td><td width=\"154\"><p>Joanna Szombara kl.4<\/p><p>Sylwia Powa\u0142ko kl.5<\/p><p>Julia Mi\u0142aszewska kl.6-8<\/p><\/td><\/tr><tr><td width=\"41\"><p><strong>43.<\/strong><\/p><\/td><td width=\"72\"><p>A<\/p><\/td><td width=\"119\"><p>1-8<\/p><\/td><td width=\"87\"><p>2014<\/p><\/td><td width=\"84\"><p>2021 - 2029<\/p><\/td><td width=\"155\"><p>Joanna Ferdyn kl.1-3<\/p><p>Agnieszka Byrtek \u2013Zdebel\u00a0\u00a0\u00a0\u00a0\u00a0\u00a0\u00a0\u00a0\u00a0\u00a0\u00a0\u00a0\u00a0\u00a0\u00a0\u00a0\u00a0\u00a0\u00a0\u00a0\u00a0\u00a0\u00a0\u00a0\u00a0\u00a0\u00a0 \u00a0kl 3 II sem<\/p><\/td><td width=\"154\"><p>Karina Sornek<\/p><\/td><td colspan=\"2\" width=\"155\"><p>Karina Sornek<\/p><\/td><td width=\"154\"><p>Karina Sornek<\/p><\/td><\/tr><tr><td width=\"41\"><p><strong>44.<\/strong><\/p><\/td><td width=\"72\"><p>A<\/p><\/td><td width=\"119\"><p>1-8<\/p><\/td><td width=\"87\"><p>2015<\/p><\/td><td width=\"84\"><p>2022 - 2030<\/p><\/td><td width=\"155\"><p>Teresa Moskal<\/p><\/td><td width=\"154\"><p>Danuta Skrobol kl.1<\/p><p>Agnieszka Byrtek -Zdebel kl.2<\/p><p>Izabela Markiel kl.3<\/p><\/td><td colspan=\"2\" width=\"155\"><p>Felicja Wr\u00f3blewska<\/p><\/td><td width=\"154\"><p>Izabela Markiel<\/p><\/td><\/tr><tr><td width=\"41\"><p><strong>45.<\/strong><\/p><\/td><td width=\"72\"><p>B<\/p><\/td><td width=\"119\"><p>od klasy 2<\/p><\/td><td width=\"87\"><p>2015<\/p><\/td><td width=\"84\"><p>2022 - 2030<\/p><\/td><td width=\"155\"><p>Magdalena Wieczorek-Kusiak<\/p><\/td><td width=\"154\"><p>Anita Stoi\u0144ska kl.2-3<\/p><\/td><td colspan=\"2\" width=\"155\"><p>Anita Stoi\u0144ska kl.4<\/p><p>Ewelina Kaczmarek od kl.5<\/p><\/td><td width=\"154\"><p>Anita Stoi\u0144ska<\/p><\/td><\/tr><tr><td width=\"41\"><p><strong>46.<\/strong><\/p><\/td><td width=\"72\"><p>A<\/p><\/td><td width=\"119\"><p>1-8<\/p><\/td><td width=\"87\"><p>2016<\/p><\/td><td width=\"84\"><p>2023 - 2031<\/p><\/td><td width=\"155\"><p>Justyna Nieradzik<\/p><\/td><td width=\"154\"><p>Marzena Sato\u0142a<\/p><\/td><td colspan=\"2\" width=\"155\"><p>\u00a0<\/p><\/td><td width=\"154\"><p>\u00a0<\/p><\/td><\/tr><tr><td width=\"41\"><p><strong>47.<\/strong><\/p><\/td><td width=\"72\"><p>A<\/p><\/td><td width=\"119\"><p>1-8<\/p><\/td><td width=\"87\"><p>2017<\/p><\/td><td width=\"84\"><p>2024 - 2032<\/p><\/td><td width=\"155\"><p>Ewa Klenart<\/p><\/td><td width=\"154\"><p>Sabina \u017bmija<\/p><\/td><td colspan=\"2\" width=\"155\"><p>\u00a0<\/p><\/td><td width=\"154\"><p>\u00a0<\/p><\/td><\/tr><tr><td width=\"41\"><p><strong>48.<\/strong><\/p><\/td><td width=\"72\"><p>B<\/p><\/td><td width=\"119\"><p>1-81-8<\/p><\/td><td width=\"87\"><p>2017<\/p><\/td><td width=\"84\"><p>2024 - 2032<\/p><\/td><td width=\"155\"><p>Karolina Kozubek<\/p><\/td><td width=\"154\"><p>Monika Prysak<\/p><\/td><td colspan=\"2\" width=\"155\"><p>\u00a0<\/p><\/td><td width=\"154\"><p>\u00a0<\/p><\/td><\/tr><tr><td width=\"41\"><p><strong>49.<\/strong><\/p><\/td><td width=\"72\"><p>A<\/p><\/td><td width=\"119\"><p>1-8<\/p><\/td><td width=\"87\"><p>2018<\/p><\/td><td width=\"84\"><p>2025 - 2033<\/p><\/td><td width=\"155\"><p>Teresa Moskal<\/p><\/td><td width=\"154\"><p>Justyna Janta<\/p><\/td><td colspan=\"2\" width=\"155\"><p>\u00a0<\/p><\/td><td width=\"154\"><p>\u00a0<\/p><\/td><\/tr><tr><td width=\"41\"><p><strong>50.<\/strong><\/p><\/td><td width=\"72\"><p>B<\/p><\/td><td width=\"119\"><p>1-8<\/p><\/td><td width=\"87\"><p>2018<\/p><\/td><td width=\"84\"><p>2025- 2033<\/p><\/td><td width=\"155\"><p>Magdalena Wieczorek-Kusiak<\/p><\/td><td width=\"154\"><p>Klaudia Chudyka<\/p><\/td><td colspan=\"2\" width=\"155\"><p>\u00a0<\/p><\/td><td width=\"154\"><p>\u00a0<\/p><\/td><\/tr><tr><td width=\"37\">\u00a0<\/td><td width=\"72\">\u00a0<\/td><td width=\"119\">\u00a0<\/td><td width=\"79\">\u00a0<\/td><td width=\"60\">\u00a0<\/td><td width=\"127\">\u00a0<\/td><td width=\"123\">\u00a0<\/td><td width=\"5\">\u00a0<\/td><td width=\"123\">\u00a0<\/td><td width=\"125\">\u00a0<\/td><\/tr><\/tbody><\/table><p>\u00a0<\/p><p>\u00a0<\/p><p>\u00a0<\/p><p>\u00a0<\/p>    \t\t\t\t\t\t\t                    <\/div>\n    \t\t\t                    <div class=\"\">\n    \t\t      \t\t    \t\t\t\t\t\t\t<p><div id='gallery-1' class='gallery galleryid-3938 gallery-columns-3 gallery-size-large'><dl class='gallery-item'>\n\t\t\t<dt class='gallery-icon landscape'>\n\t\t\t\t<a href='https:\/\/sp3.mikolow.eu\/wp-content\/uploads\/2022\/07\/Slajd1.jpg'><img width=\"960\" height=\"720\" src=\"https:\/\/sp3.mikolow.eu\/wp-content\/uploads\/2022\/07\/Slajd1.jpg\" class=\"attachment-large size-large\" alt=\"\" loading=\"lazy\" srcset=\"https:\/\/sp3.mikolow.eu\/wp-content\/uploads\/2022\/07\/Slajd1.jpg 960w, https:\/\/sp3.mikolow.eu\/wp-content\/uploads\/2022\/07\/Slajd1-300x225.jpg 300w, https:\/\/sp3.mikolow.eu\/wp-content\/uploads\/2022\/07\/Slajd1-768x576.jpg 768w\" sizes=\"(max-width: 960px) 100vw, 960px\" \/><\/a>\n\t\t\t<\/dt><\/dl><dl class='gallery-item'>\n\t\t\t<dt class='gallery-icon landscape'>\n\t\t\t\t<a href='https:\/\/sp3.mikolow.eu\/wp-content\/uploads\/2022\/07\/Slajd2.jpg'><img width=\"960\" height=\"720\" src=\"https:\/\/sp3.mikolow.eu\/wp-content\/uploads\/2022\/07\/Slajd2.jpg\" class=\"attachment-large size-large\" alt=\"\" loading=\"lazy\" srcset=\"https:\/\/sp3.mikolow.eu\/wp-content\/uploads\/2022\/07\/Slajd2.jpg 960w, https:\/\/sp3.mikolow.eu\/wp-content\/uploads\/2022\/07\/Slajd2-300x225.jpg 300w, https:\/\/sp3.mikolow.eu\/wp-content\/uploads\/2022\/07\/Slajd2-768x576.jpg 768w\" sizes=\"(max-width: 960px) 100vw, 960px\" \/><\/a>\n\t\t\t<\/dt><\/dl><dl class='gallery-item'>\n\t\t\t<dt class='gallery-icon landscape'>\n\t\t\t\t<a href='https:\/\/sp3.mikolow.eu\/wp-content\/uploads\/2022\/07\/Slajd3.jpg'><img width=\"960\" height=\"720\" src=\"https:\/\/sp3.mikolow.eu\/wp-content\/uploads\/2022\/07\/Slajd3.jpg\" class=\"attachment-large size-large\" alt=\"\" loading=\"lazy\" srcset=\"https:\/\/sp3.mikolow.eu\/wp-content\/uploads\/2022\/07\/Slajd3.jpg 960w, https:\/\/sp3.mikolow.eu\/wp-content\/uploads\/2022\/07\/Slajd3-300x225.jpg 300w, https:\/\/sp3.mikolow.eu\/wp-content\/uploads\/2022\/07\/Slajd3-768x576.jpg 768w\" sizes=\"(max-width: 960px) 100vw, 960px\" \/><\/a>\n\t\t\t<\/dt><\/dl><br style=\"clear: both\" \/><dl class='gallery-item'>\n\t\t\t<dt class='gallery-icon landscape'>\n\t\t\t\t<a href='https:\/\/sp3.mikolow.eu\/wp-content\/uploads\/2022\/07\/Slajd5.jpg'><img width=\"960\" height=\"720\" src=\"https:\/\/sp3.mikolow.eu\/wp-content\/uploads\/2022\/07\/Slajd5.jpg\" class=\"attachment-large size-large\" alt=\"\" loading=\"lazy\" srcset=\"https:\/\/sp3.mikolow.eu\/wp-content\/uploads\/2022\/07\/Slajd5.jpg 960w, https:\/\/sp3.mikolow.eu\/wp-content\/uploads\/2022\/07\/Slajd5-300x225.jpg 300w, https:\/\/sp3.mikolow.eu\/wp-content\/uploads\/2022\/07\/Slajd5-768x576.jpg 768w\" sizes=\"(max-width: 960px) 100vw, 960px\" \/><\/a>\n\t\t\t<\/dt><\/dl><dl class='gallery-item'>\n\t\t\t<dt class='gallery-icon landscape'>\n\t\t\t\t<a href='https:\/\/sp3.mikolow.eu\/wp-content\/uploads\/2022\/07\/Slajd6.jpg'><img width=\"960\" height=\"720\" src=\"https:\/\/sp3.mikolow.eu\/wp-content\/uploads\/2022\/07\/Slajd6.jpg\" class=\"attachment-large size-large\" alt=\"\" loading=\"lazy\" srcset=\"https:\/\/sp3.mikolow.eu\/wp-content\/uploads\/2022\/07\/Slajd6.jpg 960w, https:\/\/sp3.mikolow.eu\/wp-content\/uploads\/2022\/07\/Slajd6-300x225.jpg 300w, https:\/\/sp3.mikolow.eu\/wp-content\/uploads\/2022\/07\/Slajd6-768x576.jpg 768w\" sizes=\"(max-width: 960px) 100vw, 960px\" \/><\/a>\n\t\t\t<\/dt><\/dl><dl class='gallery-item'>\n\t\t\t<dt class='gallery-icon landscape'>\n\t\t\t\t<a href='https:\/\/sp3.mikolow.eu\/wp-content\/uploads\/2022\/07\/Slajd7.jpg'><img width=\"960\" height=\"720\" src=\"https:\/\/sp3.mikolow.eu\/wp-content\/uploads\/2022\/07\/Slajd7.jpg\" class=\"attachment-large size-large\" alt=\"\" loading=\"lazy\" srcset=\"https:\/\/sp3.mikolow.eu\/wp-content\/uploads\/2022\/07\/Slajd7.jpg 960w, https:\/\/sp3.mikolow.eu\/wp-content\/uploads\/2022\/07\/Slajd7-300x225.jpg 300w, https:\/\/sp3.mikolow.eu\/wp-content\/uploads\/2022\/07\/Slajd7-768x576.jpg 768w\" sizes=\"(max-width: 960px) 100vw, 960px\" \/><\/a>\n\t\t\t<\/dt><\/dl><br style=\"clear: both\" \/><dl class='gallery-item'>\n\t\t\t<dt class='gallery-icon landscape'>\n\t\t\t\t<a href='https:\/\/sp3.mikolow.eu\/wp-content\/uploads\/2022\/07\/Slajd8.jpg'><img width=\"960\" height=\"720\" src=\"https:\/\/sp3.mikolow.eu\/wp-content\/uploads\/2022\/07\/Slajd8.jpg\" class=\"attachment-large size-large\" alt=\"\" loading=\"lazy\" srcset=\"https:\/\/sp3.mikolow.eu\/wp-content\/uploads\/2022\/07\/Slajd8.jpg 960w, https:\/\/sp3.mikolow.eu\/wp-content\/uploads\/2022\/07\/Slajd8-300x225.jpg 300w, https:\/\/sp3.mikolow.eu\/wp-content\/uploads\/2022\/07\/Slajd8-768x576.jpg 768w\" sizes=\"(max-width: 960px) 100vw, 960px\" \/><\/a>\n\t\t\t<\/dt><\/dl><dl class='gallery-item'>\n\t\t\t<dt class='gallery-icon landscape'>\n\t\t\t\t<a href='https:\/\/sp3.mikolow.eu\/wp-content\/uploads\/2022\/07\/Slajd9.jpg'><img width=\"960\" height=\"720\" src=\"https:\/\/sp3.mikolow.eu\/wp-content\/uploads\/2022\/07\/Slajd9.jpg\" class=\"attachment-large size-large\" alt=\"\" loading=\"lazy\" srcset=\"https:\/\/sp3.mikolow.eu\/wp-content\/uploads\/2022\/07\/Slajd9.jpg 960w, https:\/\/sp3.mikolow.eu\/wp-content\/uploads\/2022\/07\/Slajd9-300x225.jpg 300w, https:\/\/sp3.mikolow.eu\/wp-content\/uploads\/2022\/07\/Slajd9-768x576.jpg 768w\" sizes=\"(max-width: 960px) 100vw, 960px\" \/><\/a>\n\t\t\t<\/dt><\/dl><dl class='gallery-item'>\n\t\t\t<dt class='gallery-icon landscape'>\n\t\t\t\t<a href='https:\/\/sp3.mikolow.eu\/wp-content\/uploads\/2022\/07\/Slajd10.jpg'><img width=\"960\" height=\"720\" src=\"https:\/\/sp3.mikolow.eu\/wp-content\/uploads\/2022\/07\/Slajd10.jpg\" class=\"attachment-large size-large\" alt=\"\" loading=\"lazy\" srcset=\"https:\/\/sp3.mikolow.eu\/wp-content\/uploads\/2022\/07\/Slajd10.jpg 960w, https:\/\/sp3.mikolow.eu\/wp-content\/uploads\/2022\/07\/Slajd10-300x225.jpg 300w, https:\/\/sp3.mikolow.eu\/wp-content\/uploads\/2022\/07\/Slajd10-768x576.jpg 768w\" sizes=\"(max-width: 960px) 100vw, 960px\" \/><\/a>\n\t\t\t<\/dt><\/dl><br style=\"clear: both\" \/><dl class='gallery-item'>\n\t\t\t<dt class='gallery-icon landscape'>\n\t\t\t\t<a href='https:\/\/sp3.mikolow.eu\/wp-content\/uploads\/2022\/07\/Slajd11.jpg'><img width=\"960\" height=\"720\" src=\"https:\/\/sp3.mikolow.eu\/wp-content\/uploads\/2022\/07\/Slajd11.jpg\" class=\"attachment-large size-large\" alt=\"\" loading=\"lazy\" srcset=\"https:\/\/sp3.mikolow.eu\/wp-content\/uploads\/2022\/07\/Slajd11.jpg 960w, https:\/\/sp3.mikolow.eu\/wp-content\/uploads\/2022\/07\/Slajd11-300x225.jpg 300w, https:\/\/sp3.mikolow.eu\/wp-content\/uploads\/2022\/07\/Slajd11-768x576.jpg 768w\" sizes=\"(max-width: 960px) 100vw, 960px\" \/><\/a>\n\t\t\t<\/dt><\/dl><dl class='gallery-item'>\n\t\t\t<dt class='gallery-icon landscape'>\n\t\t\t\t<a href='https:\/\/sp3.mikolow.eu\/wp-content\/uploads\/2022\/07\/Slajd12.jpg'><img width=\"960\" height=\"720\" src=\"https:\/\/sp3.mikolow.eu\/wp-content\/uploads\/2022\/07\/Slajd12.jpg\" class=\"attachment-large size-large\" alt=\"\" loading=\"lazy\" srcset=\"https:\/\/sp3.mikolow.eu\/wp-content\/uploads\/2022\/07\/Slajd12.jpg 960w, https:\/\/sp3.mikolow.eu\/wp-content\/uploads\/2022\/07\/Slajd12-300x225.jpg 300w, https:\/\/sp3.mikolow.eu\/wp-content\/uploads\/2022\/07\/Slajd12-768x576.jpg 768w\" sizes=\"(max-width: 960px) 100vw, 960px\" \/><\/a>\n\t\t\t<\/dt><\/dl>\n\t\t\t<br style='clear: both' \/>\n\t\t<\/div>\n<\/p>    \t\t\t\t\t\t\t                    <\/div>\n    \t\t\t      \t\t<\/div>\n    \t<\/div>\n\t   \t\t<\/div>\n\t\t\t\t<\/div>\n\t\t\t\t\t<\/div>\n\t\t<\/div>\n\t\t\t\t\t\t\t<\/div>\n\t\t<\/section>\n\t\t\t\t\t\t<\/div>\n\t\t\t\t\t<\/div>\n\t\t","protected":false},"excerpt":{"rendered":"<p>Oddzia\u0142y integracyjne Integracja w Tr\u00f3jce Historia klas integracyjnych Integracja w pigu\u0142ce W \u201eTr\u00f3jce\u201d przyja\u017ani\u0105, bawi\u0105 si\u0119 i wsp\u00f3lnie ucz\u0105 dzieci z specjalnymi potrzebami edukacyjnymi\u00a0\u00a0z dzie\u0107mi zdrowymi. Klasy te licz\u0105 16 &#8211; 20 uczni\u00f3w, w tym 3 &#8211; 4 uczni\u00f3w o specjalnych potrzebach edukacyjnych. S\u0105 to dzieci z zaburzeniami w zachowaniu, [&hellip;]<\/p>\n","protected":false},"author":2,"featured_media":0,"parent":0,"menu_order":0,"comment_status":"closed","ping_status":"closed","template":"","meta":{"ngg_post_thumbnail":0},"_links":{"self":[{"href":"https:\/\/sp3.mikolow.eu\/index.php\/wp-json\/wp\/v2\/pages\/3938"}],"collection":[{"href":"https:\/\/sp3.mikolow.eu\/index.php\/wp-json\/wp\/v2\/pages"}],"about":[{"href":"https:\/\/sp3.mikolow.eu\/index.php\/wp-json\/wp\/v2\/types\/page"}],"author":[{"embeddable":true,"href":"https:\/\/sp3.mikolow.eu\/index.php\/wp-json\/wp\/v2\/users\/2"}],"replies":[{"embeddable":true,"href":"https:\/\/sp3.mikolow.eu\/index.php\/wp-json\/wp\/v2\/comments?post=3938"}],"version-history":[{"count":25,"href":"https:\/\/sp3.mikolow.eu\/index.php\/wp-json\/wp\/v2\/pages\/3938\/revisions"}],"predecessor-version":[{"id":10771,"href":"https:\/\/sp3.mikolow.eu\/index.php\/wp-json\/wp\/v2\/pages\/3938\/revisions\/10771"}],"wp:attachment":[{"href":"https:\/\/sp3.mikolow.eu\/index.php\/wp-json\/wp\/v2\/media?parent=3938"}],"curies":[{"name":"wp","href":"https:\/\/api.w.org\/{rel}","templated":true}]}}