{"id":3853,"date":"2022-07-28T10:02:24","date_gmt":"2022-07-28T10:02:24","guid":{"rendered":"https:\/\/sp3.mikolow.eu\/?page_id=3853"},"modified":"2026-01-23T07:27:15","modified_gmt":"2026-01-23T06:27:15","slug":"deklaracja-dostepnosci","status":"publish","type":"page","link":"https:\/\/sp3.mikolow.eu\/index.php\/deklaracja-dostepnosci\/","title":{"rendered":"Deklaracja dost\u0119pno\u015bci"},"content":{"rendered":"<p><span style=\"font-family: arial, helvetica, sans-serif;\"><b>Szko\u0142a Podstawowa nr 3 z Oddzia\u0142ami Integracyjnymi im. Polskich Olimpijczyk\u00f3w w Miko\u0142owie<\/b> zobowi\u0105zuje si\u0119 zapewni\u0107 dost\u0119pno\u015b\u0107 swojej strony internetowej zgodnie z ustaw\u0105 z dnia 4 kwietnia 2019 r. o dost\u0119pno\u015bci cyfrowej stron internetowych i aplikacji mobilnych podmiot\u00f3w publicznych. O\u015bwiadczenie w sprawie dost\u0119pno\u015bci ma zastosowanie do <a href=\"https:\/\/sp3.mikolow.eu\/\">serwisu internetowego Szko\u0142y Podstawowej nr 3 w Miko\u0142owie.<\/a><\/span><\/p>\n<p><span style=\"font-family: arial, helvetica, sans-serif;\">Data publikacji strony internetowej: 2018-05-09.<\/span><\/p>\n<p><span style=\"font-family: arial, helvetica, sans-serif;\"><strong>Deklaracja zosta\u0142a ostatnio poddana przegl\u0105dowi i aktualizacji dnia: 2025-03-27<\/strong><\/span><\/p>\n<p><span style=\"font-family: arial, helvetica, sans-serif;\">Strona internetowa jest cz\u0119\u015bciowo zgodna z ustaw\u0105 z dnia 4 kwietnia 2019 r. o dost\u0119pno\u015bci cyfrowej stron internetowych i aplikacji mobilnych podmiot\u00f3w publicznych z powodu niezgodno\u015bci lub wy\u0142\u0105cze\u0144 wymienionych poni\u017cej:<\/span><\/p>\n<ul>\n<li><span style=\"font-family: arial, helvetica, sans-serif;\">cz\u0119\u015b\u0107 plik\u00f3w nie jest dost\u0119pnych cyfrowo,<\/span><\/li>\n<li><span style=\"font-family: arial, helvetica, sans-serif;\">opublikowane zdj\u0119cia z wydarze\u0144 nie posiadaj\u0105 pe\u0142nych opis\u00f3w alternatywnych, maj\u0105 one charakter promocyjny, nie s\u0105 wykorzystywane do realizacji bie\u017c\u0105cych zada\u0144,<\/span><\/li>\n<li><span style=\"font-family: arial, helvetica, sans-serif;\">nagrania audio i&nbsp;video nie posiadaj\u0105 napis\u00f3w dla os\u00f3b nies\u0142ysz\u0105cych,<\/span><\/li>\n<li><span style=\"font-family: arial, helvetica, sans-serif;\">brak odpowiedniej struktury nag\u0142\u00f3wkowej artyku\u0142\u00f3w,<\/span><\/li>\n<li><span style=\"font-family: arial, helvetica, sans-serif;\">nie wszystkie linki posiadaj\u0105 atrybut tytu\u0142,<\/span><\/li>\n<li><span style=\"font-family: arial, helvetica, sans-serif;\">strona zawiera linki do dokument\u00f3w PDF, kt\u00f3re mog\u0105 powodowa\u0107 trudno\u015bci w nawigacji,<\/span><\/li>\n<li><span style=\"font-family: arial, helvetica, sans-serif;\">nie wszystkie strony zewn\u0119trzne, do kt\u00f3rych prowadz\u0105 linki w&nbsp;serwisie, otwieraj\u0105 si\u0119 w&nbsp;tym samym oknie przegl\u0105darki.<\/span><\/li>\n<\/ul>\n<p><span style=\"font-family: arial, helvetica, sans-serif;\">Wy\u0142\u0105czenia:<\/span><\/p>\n<ul>\n<li><span style=\"font-family: arial, helvetica, sans-serif;\">cz\u0119\u015b\u0107 plik\u00f3w zosta\u0142a opublikowana przed wej\u015bciem w \u017cycie ustawy o dost\u0119pno\u015bci cyfrowej,<\/span><\/li>\n<li><span style=\"font-family: arial, helvetica, sans-serif;\">mapy s\u0105 wy\u0142\u0105czone z obowi\u0105zku zapewniania dost\u0119pno\u015bci.<\/span><\/li>\n<\/ul>\n<p><span style=\"font-family: arial, helvetica, sans-serif;\">Strona internetowa posiada nast\u0119puj\u0105ce u\u0142atwienia, kt\u00f3re mog\u0105 by\u0107 u\u017cyteczne pod k\u0105tem zapewnienia dost\u0119pno\u015bci:<\/span><\/p>\n<ul>\n<li><span style=\"font-family: arial, helvetica, sans-serif;\">wyr\u00f3\u017cnienie odno\u015bnik\u00f3w,<\/span><\/li>\n<li><span style=\"font-family: arial, helvetica, sans-serif;\">mapa strony \u2013 w&nbsp;dolnym prawym rogu.<\/span><\/li>\n<\/ul>\n<p><span style=\"font-family: arial, helvetica, sans-serif;\">O\u015bwiadczenie sporz\u0105dzono dnia: 2025-03-27. Deklaracj\u0119 sporz\u0105dzono na podstawie samooceny przeprowadzonej przez podmiot publiczny.<\/span><\/p>\n<h2><span style=\"font-family: arial, helvetica, sans-serif;\"><strong>Informacje zwrotne i dane kontaktowe<\/strong><\/span><\/h2>\n<p><span style=\"font-family: arial, helvetica, sans-serif;\">W przypadku problem\u00f3w z dost\u0119pno\u015bci\u0105 strony internetowej prosimy o kontakt. Osob\u0105 kontaktow\u0105 jest Barbara Juskowiak, adres poczty elektronicznej: <a href=\"mailto:barbara.juskowiak@sp3.mikolow.eu\">barbara.juskowiak@sp3.mikolow.eu<\/a>. Kontaktowa\u0107 mo\u017cna si\u0119 tak\u017ce dzwoni\u0105c na numer telefonu 782 977 951. T\u0105 sam\u0105 drog\u0105 mo\u017cna sk\u0142ada\u0107 wnioski o udost\u0119pnienie informacji niedost\u0119pnej oraz sk\u0142ada\u0107 \u017c\u0105dania zapewnienia dost\u0119pno\u015bci.<\/span><\/p>\n<h3><span style=\"font-family: arial, helvetica, sans-serif;\">Informacje na temat procedury<\/span><\/h3>\n<p><span style=\"font-family: arial, helvetica, sans-serif;\">Ka\u017cdy ma prawo do wyst\u0105pienia z \u017c\u0105daniem zapewnienia dost\u0119pno\u015bci cyfrowej strony internetowej, aplikacji mobilnej lub jakiego\u015b ich elementu. Mo\u017cna tak\u017ce za\u017c\u0105da\u0107 udost\u0119pnienia informacji za pomoc\u0105 alternatywnego sposobu dost\u0119pu, na przyk\u0142ad przez odczytanie niedost\u0119pnego cyfrowo dokumentu, opisanie zawarto\u015bci filmu bez audio deskrypcji itp. \u017b\u0105danie powinno zawiera\u0107 dane osoby zg\u0142aszaj\u0105cej \u017c\u0105danie, wskazanie, o kt\u00f3r\u0105 stron\u0119 internetow\u0105 lub aplikacj\u0119 mobiln\u0105 chodzi oraz spos\u00f3b kontaktu. Je\u017celi osoba \u017c\u0105daj\u0105ca zg\u0142asza potrzeb\u0119 otrzymania informacji za pomoc\u0105 alternatywnego sposobu dost\u0119pu, powinna tak\u017ce okre\u015bli\u0107 dogodny dla niej spos\u00f3b przedstawienia tej informacji. <\/span><\/p>\n<p><span style=\"font-family: arial, helvetica, sans-serif;\">Podmiot publiczny powinien zrealizowa\u0107 \u017c\u0105danie niezw\u0142ocznie, nie p\u00f3\u017aniej ni\u017c w ci\u0105gu 7 dni od dnia wyst\u0105pienia z \u017c\u0105daniem. Je\u017celi dotrzymanie tego terminu nie jest mo\u017cliwe, podmiot publiczny niezw\u0142ocznie informuje o tym wnosz\u0105cego \u017c\u0105danie, kiedy realizacja \u017c\u0105dania b\u0119dzie mo\u017cliwa, przy czym termin ten nie mo\u017ce by\u0107 d\u0142u\u017cszy ni\u017c 2 miesi\u0105ce od dnia wyst\u0105pienia z \u017c\u0105daniem. Je\u017celi zapewnienie dost\u0119pno\u015bci cyfrowej nie jest mo\u017cliwe, podmiot publiczny mo\u017ce zaproponowa\u0107 alternatywny spos\u00f3b dost\u0119pu do informacji. W przypadku, gdy podmiot publiczny odm\u00f3wi realizacji \u017c\u0105dania zapewnienia dost\u0119pno\u015bci lub alternatywnego sposobu dost\u0119pu do informacji, wnosz\u0105cy \u017c\u0105danie mo\u017cne z\u0142o\u017cy\u0107 skarg\u0119 w sprawie zapewniana dost\u0119pno\u015bci cyfrowej strony internetowej, aplikacji mobilnej lub elementu strony internetowej, lub aplikacji mobilnej. Po wyczerpaniu wskazanej wy\u017cej procedury mo\u017cna tak\u017ce z\u0142o\u017cy\u0107 wniosek do Rzecznika Praw Obywatelskich.<\/span><\/p>\n<p><span style=\"font-family: arial, helvetica, sans-serif;\">Link do strony internetowej <a href=\"https:\/\/www.rpo.gov.pl\/\" rel=\"noopener\">Rzecznika Praw Obywatelskich<\/a>.<\/span><\/p>\n<h3><span style=\"font-family: arial, helvetica, sans-serif;\"><strong>Dost\u0119pno\u015b\u0107 architektoniczna<\/strong><\/span><\/h3>\n<p><span style=\"font-family: arial, helvetica, sans-serif;\"><i>Szko\u0142a Podstawowa nr 3 z Oddzia\u0142ami Integracyjnymi im. Polskich Olimpijczyk\u00f3w,&nbsp; ul. ks. bpa W. Bandurskiego 1, 43-190 Miko\u0142\u00f3w<\/i><\/span><\/p>\n<p><span style=\"font-family: arial, helvetica, sans-serif;\">Szko\u0142a zlokalizowana jest w centrum miasta. Budynek jest usytuowany na rogu skrzy\u017cowania ulic Konstytucji 3 Maja oraz ks. bp. W\u0142. Bandurskiego.<\/span><\/p>\n<ol>\n<li><span style=\"font-family: arial, helvetica, sans-serif;\">Do budynku prowadz\u0105 dwa wej\u015bcia: g\u0142\u00f3wne od strony ulicy ks. bp. W\u0142. Bandurskiego oraz wej\u015bcie przez boisko szkolne od strony ulicy Konstytucji 3 Maja. Oba wej\u015bcia znajduj\u0105 si\u0119 na poziomie 0, s\u0105 dostosowane dla os\u00f3b niepe\u0142nosprawnych poruszaj\u0105cych si\u0119 na w\u00f3zkach.<\/span><\/li>\n<li><span style=\"font-family: arial, helvetica, sans-serif;\">Przed budynkiem,&nbsp; na ul. ks. bp. W\u0142. Bandurskiego wyznaczono 2 miejsca parkingowe dla os\u00f3b niepe\u0142nosprawnych. W szczeg\u00f3lnych przypadkach istnieje mo\u017cliwo\u015b\u0107 wjazdu od strony ul. Konstytucji 3 Maja.<\/span><\/li>\n<li><span style=\"font-family: arial, helvetica, sans-serif;\">Sekretariat szko\u0142y umieszczony jest na parterze szko\u0142y po lewej stronie, wchodz\u0105c wej\u015bciem g\u0142\u00f3wnym.<\/span><\/li>\n<li><span style=\"font-family: arial, helvetica, sans-serif;\">Plac\u00f3wka&nbsp; jest przystosowana dla os\u00f3b na w\u00f3zkach. W budynku znajduje si\u0119 winda, dla os\u00f3b poruszaj\u0105cych si\u0119 na w\u00f3zkach dost\u0119pne s\u0105 wszystkie pomieszczenia w szkole. Nie ma przej\u015b\u0107 zabezpieczonych bramkami.<\/span><\/li>\n<li><span style=\"font-family: arial, helvetica, sans-serif;\">Na ka\u017cdym pi\u0119trze znajduje si\u0119 toaleta dostosowana do potrzeb os\u00f3b niepe\u0142nosprawnych.<\/span><\/li>\n<li><span style=\"font-family: arial, helvetica, sans-serif;\">W budynku s\u0105 oznaczenia&nbsp; kontrastowe dla os\u00f3b niewidomych i s\u0142abowidz\u0105cych, nie ma oznacze\u0144 w alfabecie Braille\u2019a.<\/span><\/li>\n<li><span style=\"font-family: arial, helvetica, sans-serif;\">Do budynku mo\u017cna wej\u015b\u0107 na parter szko\u0142y z psem asystuj\u0105cym i psem przewodnikiem.<\/span><\/li>\n<li><span style=\"font-family: arial, helvetica, sans-serif;\">W&nbsp;plac\u00f3wce nie ma p\u0119tli indukcyjnych.<\/span><\/li>\n<\/ol>\n<p><span style=\"font-family: arial, helvetica, sans-serif;\"><strong>Aplikacje mobilne<\/strong><\/span><\/p>\n<p><span style=\"font-family: arial, helvetica, sans-serif;\">Brak<\/span><\/p>\n<p><span style=\"font-family: arial, helvetica, sans-serif;\"><a href=\"https:\/\/sp3.mikolow.eu\/index.php\/deklaracja-dostepnosci\/raport-o-stanie-zapewniania-dostepnosci-podmiotu-publicznego\/\" rel=\"attachment wp-att-9767\">raport o stanie zapewniania dost\u0119pnosci podmiotu publicznego<\/a><\/span><\/p>\n","protected":false},"excerpt":{"rendered":"<p>Szko\u0142a Podstawowa nr 3 z Oddzia\u0142ami Integracyjnymi im. Polskich Olimpijczyk\u00f3w w Miko\u0142owie zobowi\u0105zuje si\u0119 zapewni\u0107 dost\u0119pno\u015b\u0107 swojej strony internetowej zgodnie z ustaw\u0105 z dnia 4 kwietnia 2019 r. o dost\u0119pno\u015bci cyfrowej stron internetowych i aplikacji mobilnych podmiot\u00f3w publicznych. O\u015bwiadczenie w sprawie dost\u0119pno\u015bci ma zastosowanie do serwisu internetowego Szko\u0142y Podstawowej nr [&hellip;]<\/p>\n","protected":false},"author":2,"featured_media":0,"parent":0,"menu_order":0,"comment_status":"closed","ping_status":"closed","template":"","meta":{"ngg_post_thumbnail":0},"_links":{"self":[{"href":"https:\/\/sp3.mikolow.eu\/index.php\/wp-json\/wp\/v2\/pages\/3853"}],"collection":[{"href":"https:\/\/sp3.mikolow.eu\/index.php\/wp-json\/wp\/v2\/pages"}],"about":[{"href":"https:\/\/sp3.mikolow.eu\/index.php\/wp-json\/wp\/v2\/types\/page"}],"author":[{"embeddable":true,"href":"https:\/\/sp3.mikolow.eu\/index.php\/wp-json\/wp\/v2\/users\/2"}],"replies":[{"embeddable":true,"href":"https:\/\/sp3.mikolow.eu\/index.php\/wp-json\/wp\/v2\/comments?post=3853"}],"version-history":[{"count":13,"href":"https:\/\/sp3.mikolow.eu\/index.php\/wp-json\/wp\/v2\/pages\/3853\/revisions"}],"predecessor-version":[{"id":9771,"href":"https:\/\/sp3.mikolow.eu\/index.php\/wp-json\/wp\/v2\/pages\/3853\/revisions\/9771"}],"wp:attachment":[{"href":"https:\/\/sp3.mikolow.eu\/index.php\/wp-json\/wp\/v2\/media?parent=3853"}],"curies":[{"name":"wp","href":"https:\/\/api.w.org\/{rel}","templated":true}]}}