{"id":3673,"date":"2022-07-28T06:15:23","date_gmt":"2022-07-28T06:15:23","guid":{"rendered":"https:\/\/sp3.mikolow.eu\/?page_id=3673"},"modified":"2023-12-19T19:38:29","modified_gmt":"2023-12-19T17:38:29","slug":"historia","status":"publish","type":"page","link":"https:\/\/sp3.mikolow.eu\/index.php\/o-szkole\/historia\/","title":{"rendered":"Historia"},"content":{"rendered":"<div style=\"text-align: center;\"><span style=\"font-family: arial, helvetica, sans-serif;\"><strong>KILKA WIADOMO\u015aCI Z HISTORII SZKO\u0141Y PODSTAWOWEJ NR 3 <\/strong><\/span><\/div>\n<div style=\"text-align: center;\"><span style=\"font-family: arial, helvetica, sans-serif;\"><strong>Z ODDZIA\u0141AMI INTEGRACYJNYMI <\/strong><\/span><\/div>\n<div style=\"text-align: center;\"><span style=\"font-family: arial, helvetica, sans-serif;\"><strong>IM. POLSKICH OLIMPIJCZYK\u00d3W W MIKO\u0141OWIE<\/strong><\/span><\/div>\n<div><span style=\"font-family: arial, helvetica, sans-serif;\"><img loading=\"lazy\" class=\"size-medium wp-image-3674 aligncenter\" src=\"https:\/\/sp3.mikolow.eu\/wp-content\/uploads\/2022\/07\/pic2_logo_Trojki-300x210.jpg\" alt=\"\" width=\"300\" height=\"210\" srcset=\"https:\/\/sp3.mikolow.eu\/wp-content\/uploads\/2022\/07\/pic2_logo_Trojki-300x210.jpg 300w, https:\/\/sp3.mikolow.eu\/wp-content\/uploads\/2022\/07\/pic2_logo_Trojki-100x70.jpg 100w, https:\/\/sp3.mikolow.eu\/wp-content\/uploads\/2022\/07\/pic2_logo_Trojki.jpg 320w\" sizes=\"(max-width: 300px) 100vw, 300px\" \/><\/span><\/div>\n<div>\n<p><span style=\"font-family: arial, helvetica, sans-serif;\"><strong>CZASY PRZEDWOJENNE<\/strong><\/span><\/p>\n<p><span style=\"font-family: arial, helvetica, sans-serif;\">Budow\u0119 szko\u0142y rozpocz\u0119to na pocz\u0105tku lat 30, a oddano j\u0105 do u\u017cytku w 1933 roku. Uczy\u0142y si\u0119 w niej dzieci niemieckiej mniejszo\u015bci narodowej. W tamtych czasach t\u0119 szko\u0142\u0119 uwa\u017cano za du\u017c\u0105 i przestronn\u0105. Mie\u015bci\u0142a si\u0119 w niej najwi\u0119ksza w mie\u015bcie sala gimnastyczna. W 1938 r. ucz\u0119szcza\u0142o do niej 210 dzieci.<\/span><\/p>\n<p><span style=\"font-family: arial, helvetica, sans-serif;\"><strong>CZASY POWOJENNE<\/strong><\/span><\/p>\n<p><span style=\"font-family: arial, helvetica, sans-serif;\">Wykaz dyrektor\u00f3w kieruj\u0105cych szko\u0142\u0105 od 1945 roku<\/span><\/p>\n<p><span style=\"font-family: arial, helvetica, sans-serif;\">1 . Tadeusz Krawczyk (1945)<\/span><br \/>\n<span style=\"font-family: arial, helvetica, sans-serif;\">2. Adam Ku\u017aniarski (1945 &#8211; 1951)<\/span><br \/>\n<span style=\"font-family: arial, helvetica, sans-serif;\">3. Stanis\u0142aw Chladek (1951 &#8211; 1954)<\/span><br \/>\n<span style=\"font-family: arial, helvetica, sans-serif;\">4. J\u00f3zef Benbenek (1954 &#8211; 1955)<\/span><br \/>\n<span style=\"font-family: arial, helvetica, sans-serif;\">5. Maria Sosnowska-Kurczok (1955 &#8211; 1957)<\/span><br \/>\n<span style=\"font-family: arial, helvetica, sans-serif;\">6. Mieczys\u0142aw \u0141acek (1957 \u2013 XII 1965)<\/span><br \/>\n<span style=\"font-family: arial, helvetica, sans-serif;\">7. J\u00f3zef Karwala (1965 &#8211; 1968)<\/span><br \/>\n<span style=\"font-family: arial, helvetica, sans-serif;\">8. Stefan Piesiur (1968 &#8211; 1969)<\/span><br \/>\n<span style=\"font-family: arial, helvetica, sans-serif;\">9. Edward Mr\u00f3wka (1969 &#8211; 1971)<\/span><br \/>\n<span style=\"font-family: arial, helvetica, sans-serif;\">10. Edmund Brz\u0119k (IX 1971 \u2013 XII 1971)<\/span><br \/>\n<span style=\"font-family: arial, helvetica, sans-serif;\">11. Jan Rupik (I 1972 &#8211; 1975)<\/span><br \/>\n<span style=\"font-family: arial, helvetica, sans-serif;\">12. Kazimiera Mitoraj (1975 &#8211; 1989)<\/span><br \/>\n<span style=\"font-family: arial, helvetica, sans-serif;\">13. Helena Jarczyk (1989 &#8211; 2003)<\/span><br \/>\n<span style=\"font-family: arial, helvetica, sans-serif;\">14. Aleksandra Blacha (2003 &#8211; 2023)<\/span><br \/>\n<span style=\"font-family: arial, helvetica, sans-serif;\">15. Barbara Juskowiak (2023 &#8211; b.r.)<\/span><\/p>\n<p><span style=\"font-family: arial, helvetica, sans-serif;\">Wypisy z kronik szkolnych<\/span><\/p>\n<p><span style=\"font-family: arial, helvetica, sans-serif;\"><strong>PIERWSZE LATA<\/strong><\/span><\/p>\n<p><span style=\"font-family: arial, helvetica, sans-serif;\">Rok szkolny 1944\/45<\/span><br \/>\n<span style=\"font-family: arial, helvetica, sans-serif;\">Szko\u0142y polskie tworzono na terenie Miko\u0142owa ju\u017c w lutym 1945 roku, gdy miasto opu\u015bci\u0142y wojska niemieckie. Budynek Tr\u00f3jki by\u0142 bardzo zniszczony (np. powybijane szyby, zniszczona sala gimnastyczna) i brakowa\u0142o w nim sprz\u0119t\u00f3w np. \u0142awek szkolnych, pomocy naukowych. Do maja 1945 roku w budynku stacjonowa\u0142o wojsko radzieckie, polskie. Pierwszym kierownikiem szko\u0142y by\u0142 Tadeusz Krawczyk, kt\u00f3ry wiele pracy w\u0142o\u017cy\u0142 w to, aby szko\u0142a rozpocz\u0119\u0142a swoj\u0105 dzia\u0142alno\u015b\u0107. Poniewa\u017c budynek by\u0142 zaj\u0119ty przez wojsko, lekcje odbywa\u0142y si\u0119 w restauracji pana Knapika. Adam Ku\u017aniarski zosta\u0142 kierownikiem szko\u0142y od kwietnia 1945 r. Do szko\u0142y ucz\u0119szcza\u0142o 500 uczni\u00f3w. Klasy by\u0142y bardzo liczne. Najmniej liczn\u0105 klas\u0105 by\u0142a VI \u2013 35 uczni\u00f3w, a najliczniejszymi klasami IVa i IVb, w kt\u00f3rych uczy\u0142o si\u0119 po 52 uczni\u00f3w.<\/span><\/p>\n<p><span style=\"font-family: arial, helvetica, sans-serif;\">Rok szkolny 1945\/46<\/span><\/p>\n<p><span style=\"font-family: arial, helvetica, sans-serif;\">W szkole uczy\u0142o si\u0119 571 uczni\u00f3w i pracowa\u0142o 12 nauczycieli. Przez pewien czas dzieci uczy\u0142y si\u0119 w szkole nr 1, poniewa\u017c w Tr\u00f3jce brakowa\u0142o pieni\u0119dzy na opa\u0142. Dzieci mia\u0142y lekcje popo\u0142udniami do godziny 16. 2 czerwca 1946 roku \u2013 otwarto i po\u015bwi\u0119cono szkoln\u0105 bibliotek\u0119.<\/span><\/p>\n<p><span style=\"font-family: arial, helvetica, sans-serif;\">Rok szkolny 1947\/48<\/span><\/p>\n<p><span style=\"font-family: arial, helvetica, sans-serif;\">W tym roku uczy\u0142o si\u0119 479 uczni\u00f3w. Jednak klasy nadal by\u0142y liczne. \u015arednio jedna klasa liczy\u0142a ponad 40 uczni\u00f3w (tylko dwie klasy mia\u0142y oko\u0142o 38 uczni\u00f3w). W szkole by\u0142o 11 klas od pierwszej do si\u00f3dmej. W tych latach obchodzono w szkole np. Miko\u0142aja, \u015awi\u0119to Pracy, Dzie\u0144 Wyzwolenia \u015al\u0105ska, Dzie\u0144 Zwyci\u0119stwa, \u015awi\u0119to Lasu, Dzie\u0144 Matki, a pod koniec roku szkolnego organizowano po\u017cegnaln\u0105 akademi\u0119 i zabaw\u0119 dla najstarszych klas, kt\u00f3re opuszcza\u0142y szko\u0142\u0119. W p\u00f3\u017aniejszych latach t\u0119 zabaw\u0119 nazywano komersem.<\/span><\/p>\n<p><span style=\"font-family: arial, helvetica, sans-serif;\"><strong>LATA 50.<\/strong><\/span><\/p>\n<p><span style=\"font-family: arial, helvetica, sans-serif;\">To by\u0142y czasy, kiedy w Polsce wprowadzano komunizm. Dlatego w szkole dzieci obowi\u0105zkowo uczy\u0142y si\u0119 j\u0119zyka rosyjskiego, razem z nauczycielami przygotowywa\u0142y akademie np. z okazji wybuchu Wielkiej Rewolucji Pa\u017adziernikowej, \u015bmierci Lenina, urodzin Stalina, rocznicy powstania Armii Czerwonej lub powstania Armii Ludowej. W czasie tych akademii cz\u0119sto \u015bpiewano Mi\u0119dzynarod\u00f3wk\u0119 a nawet hymn ZSRR. Natomiast z okazji \u015awi\u0119ta Pracy nauczyciele i uczniowie brali udzia\u0142 w pochodzie przez miasto.<\/span><\/p>\n<p><span style=\"font-family: arial, helvetica, sans-serif;\">Ale obchodzono r\u00f3wnie\u017c takie \u015bwi\u0119ta jak dzi\u015b np. Dzie\u0144 Nauczyciela, Dzie\u0144 G\u00f3rnika, Dzie\u0144 Kobiet, Dzie\u0144 Matki, Dzie\u0144 Dziecka.<\/span><\/p>\n<p><span style=\"font-family: arial, helvetica, sans-serif;\">W tych latach szko\u0142a zosta\u0142a zradiofonizowana tj. wyposa\u017cona w radiow\u0119ze\u0142 i g\u0142o\u015bniki. Na terenie szko\u0142y od 1956 roku rozpocz\u0105\u0142 dzia\u0142alno\u015b\u0107 zreorganizowany Zwi\u0105zek Harcerstwa Polskiego. W roku szkolnym 1956\/1957 otworzono w szkole gabinet lekarski.<\/span><\/p>\n<p><span style=\"font-family: arial, helvetica, sans-serif;\">W roku szkolnym 1957\/1958 zainstalowano zegar sygnalizacyjny, dzi\u0119ki czemu dzwonek szkolny dzwoni\u0142 automatycznie (dotychczas w\u0142\u0105cza\u0142a go i wy\u0142\u0105cza\u0142a pani wo\u017ana).<\/span><\/p>\n<p><span style=\"font-family: arial, helvetica, sans-serif;\"><strong>LATA 60.<\/strong><\/span><\/p>\n<p><span style=\"font-family: arial, helvetica, sans-serif;\">Na pocz\u0105tku lat 60. liczba uczni\u00f3w wynosi\u0142a 531. Natomiast grono nauczycielskie liczy\u0142o 14 os\u00f3b.<\/span><\/p>\n<p><span style=\"font-family: arial, helvetica, sans-serif;\">W marcu 1960 roku w dniu, w kt\u00f3rym w szkole zorganizowano akademi\u0119 z okazji powsta\u0144 \u015bl\u0105skich, uczniowie spotkali si\u0119 z Franciszkiem Pude\u0142ko \u2013 powsta\u0144cem \u015bl\u0105skim, kt\u00f3ry opowiada\u0142 dzieciom o wydarzeniach zwi\u0105zanych z powstaniami.<\/span><\/p>\n<p><span style=\"font-family: arial, helvetica, sans-serif;\">Kronikarze wymieniaj\u0105 nazwisko pana Albina Kiela, jako zas\u0142u\u017conego dla szko\u0142y przewodnicz\u0105cego Rady Rodzic\u00f3w. Pe\u0142ni\u0142 t\u0119 funkcj\u0119 przez wiele lat.<\/span><\/p>\n<p><span style=\"font-family: arial, helvetica, sans-serif;\">Szko\u0142a od pocz\u0105tku istnienia stara\u0142a si\u0119 pozyska\u0107 sponsor\u00f3w. W tym okresie Tr\u00f3jk\u0119 sponsorowa\u0142y np. Zak\u0142ady M\u0142ynarskie z Miko\u0142owa. Dzi\u0119ki tym zak\u0142adom wyposa\u017cono pracowni\u0119 fizyczno-chemiczn\u0105.Od po\u0142owy lat 60. szko\u0142a podstawowa jest o\u015bmioletnia.<\/span><\/p>\n<p><span style=\"font-family: arial, helvetica, sans-serif;\"><strong>LATA 70. I 80.<\/strong><\/span><\/p>\n<p><span style=\"font-family: arial, helvetica, sans-serif;\">W latach 70. blisko szko\u0142y zacz\u0119to budowa\u0107 du\u017ce osiedla, dlatego liczba uczni\u00f3w ci\u0105gle wzrasta\u0142a. W roku szkolnym 1980\/1981 w szkole uczy\u0142o si\u0119 819 uczni\u00f3w w 25 klasach (w tym trzy klasy przedszkolak\u00f3w). Natomiast w roku szkolnym 1982\/1983 uczy\u0142o si\u0119 1050 dzieci w 36 klasach. W roku szkolnym 1984\/1985 sytuacja sta\u0142a si\u0119 jeszcze trudniejsza, bo by\u0142o ju\u017c 40 klas. Budynek okaza\u0142 si\u0119 za ciasny, dlatego lekcje odbywa\u0142y si\u0119 do p\u00f3\u017anego wieczora (nawet do 19.00). Poza tym zaj\u0119cia prowadzono nie tylko w budynku Tr\u00f3jki, ale r\u00f3wnie\u017c w Domku Harcerskim i w internacie ZSZ WIROMET. W ko\u0144cu podj\u0119to decyzj\u0119 o rozbudowie szko\u0142y. Trwa\u0142a pi\u0119\u0107 lat \u2013 od 1984 do 1989 roku. Jednak ilo\u015b\u0107 dzieci zmniejszy\u0142a si\u0119, gdy w 1988 roku otworzono Szko\u0142\u0119 Podstawow\u0105 nr 10. W 1988 roku w Tr\u00f3jce uczy\u0142o si\u0119 ju\u017c tylko 29 klas. Poza tym oddano do u\u017cytku 10 sal w nowej cz\u0119\u015bci szko\u0142y, wi\u0119c dzieci nie musia\u0142y si\u0119 uczy\u0107 w innych budynkach. W dodatku wszyscy mogli si\u0119 uczy\u0107 na jedn\u0105 zmian\u0119.<\/span><\/p>\n<p><span style=\"font-family: arial, helvetica, sans-serif;\">WIROMET i SANROW przez wiele lat by\u0142y zak\u0142adami opiekuj\u0105cymi si\u0119 szko\u0142\u0105 (dzi\u015b nazwaliby\u015bmy je sponsorami).<\/span><\/p>\n<p><span style=\"font-family: arial, helvetica, sans-serif;\">Przez wiele lat Tr\u00f3jka bra\u0142a udzia\u0142 w og\u00f3lnopolskim konkursie pracy pozalekcyjnej nazywanym: \u201eKlub Otwartych Szk\u00f3\u0142\u201d. Od 1977 roku przez ponad dziesi\u0119\u0107 lat zdobywa\u0142a w nim wyr\u00f3\u017cnienia i nagrody. Nagrody te przyznawano jej na przyk\u0142ad za to, \u017ce w szkole organizowano wiele zaj\u0119\u0107 pozalekcyjnych (w 1987 roku \u201ew 20 k\u00f3\u0142kach zainteresowa\u0144 uczestniczy\u0142o 500 uczni\u00f3w\u201d) i za to, szko\u0142a podejmowa\u0142a szerok\u0105 wsp\u00f3\u0142prac\u0119 z innymi instytucjami.<\/span><\/p>\n<p><span style=\"font-family: arial, helvetica, sans-serif;\">W latach 70. du\u017c\u0105 popularno\u015bci\u0105 w szkole cieszy\u0142o si\u0119 harcerstwo. Nale\u017ca\u0142o do niego prawie 90% uczni\u00f3w. ZHP dzia\u0142a\u0142 w Tr\u00f3jce bardzo pr\u0119\u017cnie i efektywnie. Od 1975 roku przez trzy kolejne lata to w\u0142a\u015bnie nasze zuchy i harcerze za swoj\u0105 dzia\u0142alno\u015b\u0107 i prac\u0119 uzyskiwali tytu\u0142 \u201eNajlepszego szczepu\u201d oraz puchar przechodni Komendanta Hufca w Miko\u0142owie. W 1978 roku \u2013 harcerze z Tr\u00f3jki otrzymali ten puchar na w\u0142asno\u015b\u0107. W 1977 roku w szkolnej piwnicy otworzono harc\u00f3wk\u0119, kt\u00f3ra by\u0142a w tamtych czasach chlub\u0105 szko\u0142y.<\/span><\/p>\n<p><span style=\"font-family: arial, helvetica, sans-serif;\">W 1978 roku zrodzi\u0142a si\u0119 tradycja pasowania pierwszoklasist\u00f3w na uczni\u00f3w o\u0142\u00f3wkiem.<\/span><\/p>\n<p><span style=\"font-family: arial, helvetica, sans-serif;\">\u201eW roku 1979 szko\u0142a otrzyma\u0142a na w\u0142asno\u015b\u0107 puchar przechodni Naczelnika Miasta za najwi\u0119kszy wk\u0142ad w przygotowanie Dni Miko\u0142owa\u201d.<\/span><\/p>\n<p><span style=\"font-family: arial, helvetica, sans-serif;\">W latach 80. Tr\u00f3jka jako pierwsza podstaw\u00f3wka w Miko\u0142owie mia\u0142a komputer (\u201eAtari\u201d).<\/span><\/p>\n<p><span style=\"font-family: arial, helvetica, sans-serif;\">9 grudnia 1981 roku nadano szkole imi\u0119 Wincentego Pstrowskiego. Wtedy te\u017c szko\u0142a otrzyma\u0142a sw\u00f3j sztandar (ufundowany przez Komitet Rodzicielski). Przez kilka lat 28 maja obchodzono Dzie\u0144 Patrona Szko\u0142y. Cz\u0119sto uczestniczy\u0142 w tej uroczysto\u015bci syn patrona \u2013 Feliks Pstrowski. Szko\u0142\u0105 Podstawow\u0105 nr 3 im. W. Pstrowskiego by\u0142a a\u017c do roku 1990. Od tamtej pory szko\u0142a nie mia\u0142a patrona.<\/span><\/p>\n<p><span style=\"font-family: arial, helvetica, sans-serif;\">W tym okresie Tr\u00f3jka odnosi\u0142a te\u017c wiele sukces\u00f3w sportowych. W latach 80. utworzono klas\u0119 usportowion\u0105, kt\u00f3rej opiekunem by\u0142 pan Cezary Karbowski.<\/span><\/p>\n<p><span style=\"font-family: arial, helvetica, sans-serif;\"><strong>Lata 90. do dzi\u015b&#8230;<\/strong><\/span><\/p>\n<p><span style=\"font-family: arial, helvetica, sans-serif;\">Na pocz\u0105tku lat 90. w szkole uczy\u0142o si\u0119 oko\u0142o 28 klas.<\/span><\/p>\n<p><span style=\"font-family: arial, helvetica, sans-serif;\">Od roku 1990 ponownie religii zacz\u0119to uczy\u0107 w szkole.<\/span><\/p>\n<p><span style=\"font-family: arial, helvetica, sans-serif;\">Od 1993 r. uczniowie Tr\u00f3jki zacz\u0119li bra\u0107 udzia\u0142 w mi\u0119dzynarodowych zawodach, kt\u00f3re co roku rozgrywaj\u0105 si\u0119 mi\u0119dzy uczniami z Miko\u0142owa, Ilavy (S\u0142owacja) i Klimkovic (Czechy).<\/span><\/p>\n<p><span style=\"font-family: arial, helvetica, sans-serif;\">W roku szkolnym 1995\/96 do szko\u0142y ucz\u0119szcza\u0142o 750 uczni\u00f3w i by\u0142o 29 klas.<\/span><\/p>\n<p><span style=\"font-family: arial, helvetica, sans-serif;\">Od czerwca 1999 roku rozpocz\u0119to w szkole organizowa\u0107 festyn szkolny (wcze\u015bniej by\u0142y np. koncerty).<\/span><\/p>\n<p><span style=\"font-family: arial, helvetica, sans-serif;\">Od 2002 roku Tr\u00f3jka zmieni\u0142a nazw\u0119 na: Szko\u0142a Podstawowa nr 3 z Oddzia\u0142ami Integracyjnymi.<\/span><\/p>\n<p><span style=\"font-family: arial, helvetica, sans-serif;\">Od roku szkolnego 1999\/2000 Tr\u00f3jka jest szko\u0142\u0105 podstawow\u0105, w kt\u00f3rej dzieci ucz\u0105 si\u0119 od klasy pierwszej do sz\u00f3stej. W szkole nr 1 utworzono gimnazjum. To spowodowa\u0142o, \u017ce dzieci, kt\u00f3re uczy\u0142y si\u0119 dotychczas w tamtej szkole, zosta\u0142y przeniesione do Tr\u00f3jki. Dlatego w nast\u0119pnym roku liczba uczni\u00f3w wzros\u0142a tak, \u017ce utworzono 48 klas. A w szkole zacz\u0119\u0142o pracowa\u0107 79 nauczycieli.<\/span><\/p>\n<p><span style=\"font-family: arial, helvetica, sans-serif;\">W roku szkolnym 2014\/15 \u015bwi\u0119towali\u015bmy 20 lat integracji w naszej szkole.<\/span><\/p>\n<p><span style=\"font-size: 12pt; font-family: arial, helvetica, sans-serif;\"><strong>&nbsp;<\/strong><\/span><\/p>\n<\/div>\n<div style=\"text-align: center;\">&nbsp;<\/div>\n","protected":false},"excerpt":{"rendered":"<p>KILKA WIADOMO\u015aCI Z HISTORII SZKO\u0141Y PODSTAWOWEJ NR 3 Z ODDZIA\u0141AMI INTEGRACYJNYMI IM. POLSKICH OLIMPIJCZYK\u00d3W W MIKO\u0141OWIE CZASY PRZEDWOJENNE Budow\u0119 szko\u0142y rozpocz\u0119to na pocz\u0105tku lat 30, a oddano j\u0105 do u\u017cytku w 1933 roku. Uczy\u0142y si\u0119 w niej dzieci niemieckiej mniejszo\u015bci narodowej. W tamtych czasach t\u0119 szko\u0142\u0119 uwa\u017cano za du\u017c\u0105 i [&hellip;]<\/p>\n","protected":false},"author":2,"featured_media":0,"parent":3544,"menu_order":0,"comment_status":"closed","ping_status":"closed","template":"","meta":{"ngg_post_thumbnail":0},"_links":{"self":[{"href":"https:\/\/sp3.mikolow.eu\/index.php\/wp-json\/wp\/v2\/pages\/3673"}],"collection":[{"href":"https:\/\/sp3.mikolow.eu\/index.php\/wp-json\/wp\/v2\/pages"}],"about":[{"href":"https:\/\/sp3.mikolow.eu\/index.php\/wp-json\/wp\/v2\/types\/page"}],"author":[{"embeddable":true,"href":"https:\/\/sp3.mikolow.eu\/index.php\/wp-json\/wp\/v2\/users\/2"}],"replies":[{"embeddable":true,"href":"https:\/\/sp3.mikolow.eu\/index.php\/wp-json\/wp\/v2\/comments?post=3673"}],"version-history":[{"count":3,"href":"https:\/\/sp3.mikolow.eu\/index.php\/wp-json\/wp\/v2\/pages\/3673\/revisions"}],"predecessor-version":[{"id":7520,"href":"https:\/\/sp3.mikolow.eu\/index.php\/wp-json\/wp\/v2\/pages\/3673\/revisions\/7520"}],"up":[{"embeddable":true,"href":"https:\/\/sp3.mikolow.eu\/index.php\/wp-json\/wp\/v2\/pages\/3544"}],"wp:attachment":[{"href":"https:\/\/sp3.mikolow.eu\/index.php\/wp-json\/wp\/v2\/media?parent=3673"}],"curies":[{"name":"wp","href":"https:\/\/api.w.org\/{rel}","templated":true}]}}